{"id":1098,"date":"2018-07-06T05:38:40","date_gmt":"2018-07-06T05:38:40","guid":{"rendered":"http:\/\/wrh.edu.pl\/?page_id=1098"},"modified":"2021-10-07T08:09:15","modified_gmt":"2021-10-07T07:09:15","slug":"tom-xv-2018-%e2%84%96-2","status":"publish","type":"page","link":"http:\/\/wrh.edu.pl\/?page_id=1098","title":{"rendered":"T. XV (2018) \u2116 2"},"content":{"rendered":"<h1>Wschodni Rocznik Humanistyczny, tom XV (2018), \u2116 2<\/h1>\n<div id=\"art-main\">Strona tytu\u0142owa,\u00a0 spis tre\u015bci<\/div>\n<p>Strona redakcji:\u00a0<a href=\"http:\/\/wrh.edu.pl\">http:\/\/wrh.edu.pl<\/a><\/p>\n<p>RADA NAUKOWA<br \/>\nprof. dr hab. <strong>Rolf Fieguth<\/strong>, Uniwersytet we Fryburgu, Szwajcaria<br \/>\nks. dr <strong>Hieronim Fokci\u0144ski<\/strong> SJ, rektor Papieskiego Instytutu Studi\u00f3w Ko\u015bcielnych w Rzymie, W\u0142ochy<br \/>\nprof. dr <strong>Oleg Witaljewicz Gorbaczow<\/strong>, Uralski Federalny Uniwersytet, Jekaterynburg, Rosja<br \/>\ndr <strong>Gediminas Kaz\u0117nas<\/strong>, Mykolas Romeris University, Wilno, Litwa<br \/>\ndr <strong>Jussi Laine<\/strong>, University of Eastern Finland, Finlandia<br \/>\nprof. dr <strong>Siergiej Walentinowicz Lubiczankowskij<\/strong>, Orenburski Uniwersytet Pa\u0144stwowy, Rosja<br \/>\nprof. dr hab. <strong>Sigistas Narbutas<\/strong>, Biblioteka Naukowa im. Wr\u00f3blewskich w Wilnie, Litwa<br \/>\ndr <strong>Janusz Nowak<\/strong>, kierownik Archiwum i Zbioru R\u0119kopis\u00f3w Biblioteki xx Czartoryskich w Krakowie<br \/>\ndr <strong>Pierre-Etienne Penot<\/strong>, The Catholic University of the Vand\u00e9e, La Roche-sur-Yon, Francja<br \/>\nprof. dr hab. <strong>Miros\u0142aw Piotrowski<\/strong>, Katolicki Uniwersytet Lubelski<br \/>\nprof. dr hab. <strong>Marek Plewczy\u0144ski<\/strong>, Uniwersytet Przyrodniczo-Humanistyczny w Siedlcach<br \/>\nprof. dr <strong>Ludmi\u0142a Posochowa<\/strong>, Charkowski Uniwersytet Narodowy im. W.N. Karazina, Ukraina<br \/>\nprof. dr hab. <strong>Krzysztof Skupie\u0144ski<\/strong>, Uniwersytet Marii Curie-Sk\u0142odowskiej w Lublinie<br \/>\ndr <strong>George Soroka<\/strong>, Harvard University, USA<br \/>\ndr hab. <strong>Maria Starnawska<\/strong>, Akademia im. J. D\u0142ugosza w Cz\u0119stochowie<br \/>\nprof. dr <strong>Walerij Leonidowicz Stiepanow<\/strong>, Instytut Ekonomiki Rosyjskiej Akademii Nauk, Moskwa, Rosja<br \/>\ndr hab. <strong>Tadeusz M. Trajdos<\/strong>, prof. Instytutu Historii Polskiej Akademii Nauk<br \/>\ndr hab. <strong>Marek Wagner<\/strong>, prof. Uniwersytetu Przyrodniczo-Humanistycznego w Siedlcach<\/p>\n<p>KOLEGIUM REDAKCYJNE I REDAKCJA<br \/>\n<strong>Leszek Gawor<\/strong> (dzia\u0142: filozofia), <strong>Artur Goszczy\u0144ski<\/strong> (sekretarz),<br \/>\n<strong>Artur G\u00f3rak<\/strong> (redaktor naczelny), <strong>Krzysztof Latawiec<\/strong> (dzia\u0142: historia),<br \/>\n<strong>Tomasz Lawenda<\/strong> (dzia\u0142: historia literatury), <strong>Dariusz Magier<\/strong> (z-ca redaktora naczelnego),<br \/>\n<strong>Tomasz St\u0119pniewski<\/strong> (dzia\u0142: stosunki mi\u0119dzynarodowe), <strong>Andrzej Szabaciuk<\/strong> (dzia\u0142: politologia)<\/p>\n<p>Czasopismo recenzowane<\/p>\n<p>Opracowanie graficzne, sk\u0142ad i \u0142amanie: <b>Tytus Przemys\u0142aw Krupski<\/b><br \/>\nT\u0142umaczenia angielskie: <strong>Robert St\u0119pie\u0144<\/strong>, rosyjskie: <strong>Artur G\u00f3rak<\/strong><\/p>\n<p>Wydawca<strong>: Towarzystwo Nauki i Kultury \u201eLibra\u201d<\/strong>, ul. Wisznicka 63, 21-300 Radzy\u0144 Podlaski<br \/>\n\u00a9 ToNiK \u201eLibra\u201d<br \/>\nISSN 1731-982X<br \/>\nDruk: ELPIL, Siedlce, ul. Artyleryjska 11, <a href=\"http:\/\/www.elpil.com.pl\">www.elpil.com.pl<\/a><\/p>\n<hr \/>\n<p style=\"text-align: center;\"><span style=\"font-size: 18pt;\"><strong>STUDIA I ROZPRAWY<\/strong><\/span><\/p>\n<p><img loading=\"lazy\" decoding=\"async\" class=\"size-medium wp-image-740 aligncenter\" src=\"http:\/\/wrh.edu.pl\/wp-content\/uploads\/2017\/10\/Finalik-300x94.jpg\" alt=\"\" width=\"300\" height=\"94\" srcset=\"http:\/\/wrh.edu.pl\/wp-content\/uploads\/2017\/10\/Finalik-300x94.jpg 300w, http:\/\/wrh.edu.pl\/wp-content\/uploads\/2017\/10\/Finalik.jpg 760w\" sizes=\"auto, (max-width: 300px) 100vw, 300px\" \/><\/p>\n<p><strong>Aleksandra Jaworska<\/strong> (Uniwersytet Marii Curie-Sk\u0142odowskiej), <strong>Podr\u0119cznik J\u00f3zefa Szyma\u0144skiego na tle dyskusji nad metodyk\u0105 kszta\u0142cenia historyk\u00f3w w zakresie nauk pomocniczych historii<\/strong> (The Manual of Jozef Szymanski on the background of discussion on the methodology of educating historians in the field of auxiliary sciences of history), <a href=\"http:\/\/wrh.edu.pl\/wp-content\/uploads\/2019\/03\/9_Aleksandra-Jaworska_wrh15_no2_pop.pdf\">pdf<\/a><\/p>\n<p><img decoding=\"async\" class=\"aligncenter\" src=\"http:\/\/wrh.edu.pl\/wp-content\/uploads\/2017\/10\/Finalik-300x94.jpg\" \/><\/p>\n<p><strong>Tomis\u0142aw Giergiel<\/strong> (Uniwersytet Marii Curie-Sk\u0142odowskiej), <strong>Clio na Jego drodze \u2013 J\u00f3zefa Szyma\u0144skiego \u201eNauki pomocnicze historii\u201d<\/strong> (Clio in His way \u2013 \u201cAuxiliary Sciences of History\u201d by J\u00f3zef Szyma\u0144ski), <a href=\"http:\/\/wrh.edu.pl\/wp-content\/uploads\/2019\/03\/23_Tomis\u0142aw-Giergiel_wrh15_no2_pop.pdf\">pdf<\/a><\/p>\n<p><img decoding=\"async\" class=\"aligncenter\" src=\"http:\/\/wrh.edu.pl\/wp-content\/uploads\/2017\/10\/Finalik-300x94.jpg\" \/><\/p>\n<p><strong>Artur G\u00f3rak<\/strong> (Uniwersytet Marii Curie-Sk\u0142odowskiej), <strong>Nauki pomocnicze historii jako nauki pomocnicze archiwistyki na Uniwersytecie Marii Curie-Sk\u0142odowskiej<\/strong> (Auxiliary sciences of history as an auxiliary science of archivistics at the Maria Curie-Sk\u0142odowska University), <a href=\"http:\/\/wrh.edu.pl\/wp-content\/uploads\/2019\/03\/31_Artur-G\u00f3rak_wrh15_no2_pop.pdf\">pdf<\/a><\/p>\n<p><img decoding=\"async\" class=\"aligncenter\" src=\"http:\/\/wrh.edu.pl\/wp-content\/uploads\/2017\/10\/Finalik-300x94.jpg\" \/><\/p>\n<p><strong>Jaros\u0142aw Brenkacz<\/strong> (Uniwersytet Rzeszowski), <strong>Cesarz i filozof: postawa Marka Aureliusza wobec chrze\u015bcijan<\/strong> (Emperor and philosopher: the attitude of Marcus Aurelius towards Christians), <a href=\"http:\/\/wrh.edu.pl\/wp-content\/uploads\/2019\/03\/1_Brenkacz_wrh15_no2.pdf\">pdf<\/a><\/p>\n<p><img decoding=\"async\" class=\"aligncenter\" src=\"http:\/\/wrh.edu.pl\/wp-content\/uploads\/2017\/10\/Finalik-300x94.jpg\" \/><\/p>\n<p><strong>Wioletta Pawlikowska-Butterwick<\/strong> (Instytut Historii Polskiej Akademii Nauk), <strong>Historia jednego domu: Mikro\u015bwiat(ek) jurydyki kapitu\u0142y katedralnej w Wilnie w XVI i w pocz\u0105tku XVII wieku<\/strong> (A History of One House: The Microcosm of the Jurydyka of the Vilna Cathedral Chapter in the Sixteenth and Early Seventeenth Centuries), <a href=\"http:\/\/wrh.edu.pl\/wp-content\/uploads\/2019\/03\/15_Wioletta-Pawlikowska-Butterwick_wrh15_no2.pdf\">pdf<\/a><\/p>\n<p><img decoding=\"async\" class=\"aligncenter\" src=\"http:\/\/wrh.edu.pl\/wp-content\/uploads\/2017\/10\/Finalik-300x94.jpg\" \/><\/p>\n<p><strong>Daniel Sawicki<\/strong> (Bia\u0142a Podlaska), <strong>Wprowadzenie do \u201eIzwieszczenija o sog\u0142asniejszich pomietach\u201d \u017ar\u00f3d\u0142em do poznania dziej\u00f3w reformy \u015bpiewu cerkiewnego na Rusi w drugiej po\u0142owie XVII wieku<\/strong> (Introduction to the &#8222;Izveshcheniye o soglasneyshikh pometakh&#8221; a source for getting to know the history of the reform of church singing in Rus in the second half. XVII century), <a href=\"http:\/\/wrh.edu.pl\/wp-content\/uploads\/2019\/03\/75_Daniel-Sawicki_wrh15_no2_pop.pdf\">pdf<\/a><\/p>\n<p><img decoding=\"async\" class=\"aligncenter\" src=\"http:\/\/wrh.edu.pl\/wp-content\/uploads\/2017\/10\/Finalik-300x94.jpg\" \/><\/p>\n<p><strong>\u0421\u043b\u0435\u0441\u0430\u0440\u0435\u043d\u043a\u043e<\/strong> <strong>\u0410\u043b\u0435\u043a\u0441\u0430\u043d\u0434\u0440<\/strong> (\u0414\u043d\u0435\u043f\u0440\u043e\u0432\u0441\u043a\u0438\u0439 \u041d\u0430\u0446\u0438\u043e\u043d\u0430\u043b\u044c\u043d\u044b\u0439 \u0423\u043d\u0438\u0432\u0435\u0440\u0441\u0438\u0442\u0435\u0442), <strong>\u041f\u0430\u0440\u0430\u0434\u0438\u0433\u043c\u0430<\/strong><strong> 1708 <\/strong><strong>\u0433\u043e\u0434\u0430<\/strong><strong>: <\/strong><strong>\u0438\u0437\u043c\u0435\u043d\u0430<\/strong> <strong>\u043c\u043e\u043d\u0430\u0440\u0445\u0443<\/strong> <strong>\u0438\u043b\u0438<\/strong> <strong>\u043f\u0440\u0430\u0432\u043e<\/strong> <strong>\u043d\u0430<\/strong> <strong>\u0441\u0430\u043c\u043e\u043e\u043f\u0440\u0435\u0434\u0435\u043b\u0435\u043d\u0438\u0435<\/strong> (The paradigm of 1708: treason to the monarch or the right to self-determination), <a href=\"http:\/\/wrh.edu.pl\/wp-content\/uploads\/2019\/03\/95_Aleksandre-Slesarenko_wrh15_no2_pop.pdf\">pdf<\/a><\/p>\n<p><img decoding=\"async\" class=\"aligncenter\" src=\"http:\/\/wrh.edu.pl\/wp-content\/uploads\/2017\/10\/Finalik-300x94.jpg\" \/><\/p>\n<p><strong>\u0410\u043d\u0430\u0441\u0442\u0430\u0441\u0438\u044f<\/strong> <strong>\u0421\u0435\u0440\u0433\u0435\u0435\u0432\u043d\u0430<\/strong> <strong>\u041b\u044b\u0441\u0446\u043e\u0432\u0430<\/strong> (\u0423\u0440\u0430\u043b\u044c\u0441\u043a\u0438\u0439 \u0424\u0435\u0434\u0435\u0440\u0430\u043b\u044c\u043d\u044b\u0439 \u0423\u043d\u0438\u0432\u0435\u0440\u0441\u0438\u0442\u0435\u0442, \u0415\u043a\u0430\u0442\u0435\u0440\u0438\u043d\u0431\u0443\u0440\u0433), <strong>\u00ab<\/strong><strong>\u0421<\/strong> <strong>\u044b\u0437\u0432\u0435\u0441\u0442\u043d\u044b\u043c\u0438<\/strong> <strong>\u0442\u0440\u0435\u043c\u044f<\/strong> <strong>\u0433\u043e\u0441\u043f\u043e\u0434\u0430\u043c\u0438<\/strong> <strong>\u0438\u043c\u0435\u043b<\/strong> <strong>\u044f<\/strong> <strong>\u043b\u0438\u0448\u044c<\/strong> <strong>\u0442\u043e\u043b\u044c\u043a\u043e<\/strong> <strong>\u0442\u0435\u043f\u0435\u0440\u044c<\/strong><strong>\u2026 <\/strong><strong>\u043a\u043e\u043d\u0444\u0435\u0440\u0435\u043d\u0446\u0438\u044e<\/strong><strong>\u00bb: \u00ab<\/strong><strong>\u043a\u043e\u043d\u0441\u043f\u0435\u043a\u0442\u044b<\/strong><strong>\u00bb <\/strong><strong>\u0410<\/strong><strong>.<\/strong><strong>\u0418<\/strong><strong>. <\/strong><strong>\u041e\u0441\u0442\u0435\u0440\u043c\u0430\u043d\u0430<\/strong> <strong>\u043a\u0430\u043a<\/strong> <strong>\u0443\u043d\u0438\u043a\u0430\u043b\u044c\u043d\u044b\u0439<\/strong> <strong>\u0438\u0441\u0442\u043e\u0447\u043d\u0438\u043a<\/strong> <strong>\u0432<\/strong> <strong>\u0434\u0435\u043b\u043e\u043f\u0440\u043e\u0438\u0437\u0432\u043e\u0434\u0441\u0442\u0432\u0435<\/strong> <strong>XVIII<\/strong> <strong>\u0432<\/strong><strong>. <\/strong>(&#8222;With the known three gentlemen I had only now &#8230; a conference&#8221;: &#8222;notes&#8221; A.I. Osterman as a unique source in office work of the XVIII century), <a href=\"http:\/\/wrh.edu.pl\/wp-content\/uploads\/2019\/03\/107_Anastazja-\u0141yscowa_wrh15_no2_pop.pdf\">pdf<\/a><\/p>\n<p><img decoding=\"async\" class=\"aligncenter\" src=\"http:\/\/wrh.edu.pl\/wp-content\/uploads\/2017\/10\/Finalik-300x94.jpg\" \/><\/p>\n<p><strong>Adam Drozdek<\/strong> (Duquesne University, Pittsburgh), <strong>Biblical commentaries of Irinei Klement\u2019evskii<\/strong> (Komentarze biblijne Ireneusza Klemientijewskiego), <a href=\"http:\/\/wrh.edu.pl\/wp-content\/uploads\/2019\/03\/115_Adam-Drozdek_wrh15_no2_pop.pdf\">pdf<\/a><\/p>\n<p><img decoding=\"async\" class=\"aligncenter\" src=\"http:\/\/wrh.edu.pl\/wp-content\/uploads\/2017\/10\/Finalik-300x94.jpg\" \/><\/p>\n<p><strong>Wojciech Jaworski<\/strong> (Sosnowiec), <strong>Organizacje kulturalno-towarzyskie w guberniach lubelskiej i siedleckiej (1867-1914)<\/strong> (Cultural and social organizations in the Lublin and Siedlce Guberniyas (1867-1914)), <a href=\"http:\/\/wrh.edu.pl\/wp-content\/uploads\/2019\/03\/131_Wojciech-Jaworski_wrh15_no2_pop.pdf\">pdf<\/a><\/p>\n<p><img decoding=\"async\" class=\"aligncenter\" src=\"http:\/\/wrh.edu.pl\/wp-content\/uploads\/2017\/10\/Finalik-300x94.jpg\" \/><\/p>\n<p><strong>Konrad \u015awider<\/strong> (Instytut Studi\u00f3w Politycznych Polskiej Akademii Nauk), <strong>Geneza postradzieckiej pa\u0144stwowo\u015bci ukrai\u0144skiej<\/strong> (The Genesis of the Post-Soviet Ukrainian Statehood), <a href=\"http:\/\/wrh.edu.pl\/wp-content\/uploads\/2019\/03\/147_Konrad\u015awider_wrh15_no2_pop.pdf\">pdf<\/a><\/p>\n<hr \/>\n<p style=\"text-align: center;\"><strong><span style=\"font-size: 18pt;\">Materia\u0142y i \u017ar\u00f3d\u0142a<\/span><\/strong><\/p>\n<p><img decoding=\"async\" class=\"aligncenter\" src=\"http:\/\/wrh.edu.pl\/wp-content\/uploads\/2017\/10\/Finalik-300x94.jpg\" \/><\/p>\n<p><strong>\u0410\u043b\u0435\u043a\u0441\u0430\u043d\u0434\u0440 \u0410\u043b\u0435\u043a\u0441\u0435\u0435\u0432\u0438\u0447 \u0416\u0443\u0440\u0430\u0432\u043b\u0451\u0432<\/strong> (\u041f\u0435\u0440\u0432\u044b\u0439 \u0421\u0430\u043d\u043a\u0442-\u041f\u0435\u0442\u0435\u0440\u0431\u0443\u0440\u0433\u0441\u043a\u0438\u0439 \u0433\u043e\u0441\u0443\u0434\u0430\u0440\u0441\u0442\u0432\u0435\u043d\u043d\u044b\u0439 \u043c\u0435\u0434\u0438\u0446\u0438\u043d\u0441\u043a\u0438\u0439 \u0443\u043d\u0438\u0432\u0435\u0440\u0441\u0438\u0442\u0435\u0442), <strong>\u041f\u0440\u043e\u0431\u043b\u0435\u043c\u044b \u0440\u0443\u0441\u0441\u043a\u043e\u0439 \u0438\u043c\u043c\u0438\u0433\u0440\u0430\u0446\u0438\u0438 \u0432 \u0421\u0428\u0410 \u0432 \u043d\u0430\u0447\u0430\u043b\u0435 \u0425\u0425 \u0441\u0442\u043e\u043b\u0435\u0442\u0438\u044f. \u0417\u0430\u043f\u0438\u0441\u043aa \u043a\u0430\u043c\u0435\u0440-\u044e\u043d\u043a\u0435\u0440\u0430 \u0413.\u0410. \u041d\u0435\u043b\u0438\u0434\u043e\u0432\u0430<\/strong> (Problems of Russian immigration in the US in the early twentieth century. A note of the kamer-iunker G.A. Nelidov), <a href=\"http:\/\/wrh.edu.pl\/wp-content\/uploads\/2019\/03\/165_Aleksander-\u017burawlow_wrh15_no2_pop.pdf\">pdf<\/a><\/p>\n<hr \/>\n<div id=\"art-main\">\n<div class=\"art-sheet clearfix\">\n<div class=\"art-layout-wrapper\">\n<div class=\"art-content-layout\">\n<div class=\"art-content-layout-row\">\n<div class=\"art-layout-cell art-content\">\n<article id=\"post-1069\" class=\"art-post art-article post-1069 page type-page status-publish hentry\">\n<div class=\"art-postcontent clearfix\">\n<div id=\"art-main\">\n<div class=\"art-sheet clearfix\">\n<div class=\"art-layout-wrapper\">\n<div class=\"art-content-layout\">\n<div class=\"art-content-layout-row\">\n<div class=\"art-layout-cell art-content\">\n<article id=\"post-605\" class=\"art-post art-article post-605 page type-page status-publish hentry\">\n<div class=\"art-postcontent clearfix\">\n<p style=\"text-align: center;\"><span style=\"font-size: 18pt;\"><strong>Recenzje, sprawozdania, polemiki<\/strong><\/span><\/p>\n<\/div>\n<\/article>\n<\/div>\n<\/div>\n<\/div>\n<\/div>\n<\/div>\n<\/div>\n<\/div>\n<\/article>\n<\/div>\n<\/div>\n<\/div>\n<\/div>\n<\/div>\n<\/div>\n<p><img decoding=\"async\" class=\"aligncenter\" src=\"http:\/\/wrh.edu.pl\/wp-content\/uploads\/2017\/10\/Finalik-300x94.jpg\" \/><\/p>\n<p><strong>Janusz \u0141osowski<\/strong> (Uniwersytet Marii Curie-Sk\u0142odowskiej), <strong>Problem u\u017cyteczno\u015bci nowego modelu monografii rodziny ziemia\u0144skiej XIX i XX wieku<\/strong> (The problem of utility the new model of monograph of the landowning family the nineteenth and twentieth centuries), <a href=\"http:\/\/wrh.edu.pl\/wp-content\/uploads\/2019\/03\/181_Janusz-\u0141osowski_wrh15_no2_pop.pdf\">pdf<\/a><\/p>\n<p><a href=\"http:\/\/wrh.edu.pl\/wp-content\/uploads\/2019\/03\/209_PDFsam_wrh15_no2_pop.pdf\">Nota o Autorach<\/a><\/p>\n","protected":false},"excerpt":{"rendered":"<p>Wschodni Rocznik Humanistyczny, tom XV (2018), \u2116 2 Strona tytu\u0142owa,\u00a0 spis tre\u015bci Strona redakcji:\u00a0http:\/\/wrh.edu.pl RADA NAUKOWA prof. dr hab. Rolf Fieguth, Uniwersytet we Fryburgu, Szwajcaria ks. dr Hieronim Fokci\u0144ski SJ, rektor Papieskiego Instytutu Studi\u00f3w Ko\u015bcielnych w Rzymie, W\u0142ochy prof. dr Oleg Witaljewicz Gorbaczow, Uralski Federalny Uniwersytet, Jekaterynburg, Rosja dr Gediminas Kaz\u0117nas, Mykolas Romeris University, Wilno, [&hellip;]<\/p>\n","protected":false},"author":2,"featured_media":0,"parent":0,"menu_order":24,"comment_status":"closed","ping_status":"closed","template":"","meta":{"footnotes":""},"class_list":["post-1098","page","type-page","status-publish","hentry"],"yoast_head":"<!-- This site is optimized with the Yoast SEO plugin v27.4 - https:\/\/yoast.com\/product\/yoast-seo-wordpress\/ -->\n<title>T. XV (2018) \u2116 2 - Wschodni Rocznik Humanistyczny<\/title>\n<meta name=\"robots\" content=\"index, follow, max-snippet:-1, max-image-preview:large, max-video-preview:-1\" \/>\n<link rel=\"canonical\" href=\"http:\/\/wrh.edu.pl\/?page_id=1098\" \/>\n<meta property=\"og:locale\" content=\"pl_PL\" \/>\n<meta property=\"og:type\" content=\"article\" \/>\n<meta property=\"og:title\" content=\"T. XV (2018) \u2116 2 - Wschodni Rocznik Humanistyczny\" \/>\n<meta property=\"og:description\" content=\"Wschodni Rocznik Humanistyczny, tom XV (2018), \u2116 2 Strona tytu\u0142owa,\u00a0 spis tre\u015bci Strona redakcji:\u00a0http:\/\/wrh.edu.pl RADA NAUKOWA prof. dr hab. Rolf Fieguth, Uniwersytet we Fryburgu, Szwajcaria ks. dr Hieronim Fokci\u0144ski SJ, rektor Papieskiego Instytutu Studi\u00f3w Ko\u015bcielnych w Rzymie, W\u0142ochy prof. dr Oleg Witaljewicz Gorbaczow, Uralski Federalny Uniwersytet, Jekaterynburg, Rosja dr Gediminas Kaz\u0117nas, Mykolas Romeris University, Wilno, [&hellip;]\" \/>\n<meta property=\"og:url\" content=\"http:\/\/wrh.edu.pl\/?page_id=1098\" \/>\n<meta property=\"og:site_name\" content=\"Wschodni Rocznik Humanistyczny\" \/>\n<meta property=\"article:modified_time\" content=\"2021-10-07T07:09:15+00:00\" \/>\n<meta property=\"og:image\" content=\"http:\/\/wrh.edu.pl\/wp-content\/uploads\/2017\/10\/Finalik-300x94.jpg\" \/>\n<meta name=\"twitter:card\" content=\"summary_large_image\" \/>\n<meta name=\"twitter:label1\" content=\"Szacowany czas czytania\" \/>\n\t<meta name=\"twitter:data1\" content=\"6 minut\" \/>\n<script type=\"application\/ld+json\" class=\"yoast-schema-graph\">{\"@context\":\"https:\\\/\\\/schema.org\",\"@graph\":[{\"@type\":\"WebPage\",\"@id\":\"http:\\\/\\\/wrh.edu.pl\\\/?page_id=1098\",\"url\":\"http:\\\/\\\/wrh.edu.pl\\\/?page_id=1098\",\"name\":\"T. XV (2018) \u2116 2 - Wschodni Rocznik Humanistyczny\",\"isPartOf\":{\"@id\":\"http:\\\/\\\/wrh.edu.pl\\\/#website\"},\"primaryImageOfPage\":{\"@id\":\"http:\\\/\\\/wrh.edu.pl\\\/?page_id=1098#primaryimage\"},\"image\":{\"@id\":\"http:\\\/\\\/wrh.edu.pl\\\/?page_id=1098#primaryimage\"},\"thumbnailUrl\":\"http:\\\/\\\/wrh.edu.pl\\\/wp-content\\\/uploads\\\/2017\\\/10\\\/Finalik-300x94.jpg\",\"datePublished\":\"2018-07-06T05:38:40+00:00\",\"dateModified\":\"2021-10-07T07:09:15+00:00\",\"inLanguage\":\"pl-PL\",\"potentialAction\":[{\"@type\":\"ReadAction\",\"target\":[\"http:\\\/\\\/wrh.edu.pl\\\/?page_id=1098\"]}]},{\"@type\":\"ImageObject\",\"inLanguage\":\"pl-PL\",\"@id\":\"http:\\\/\\\/wrh.edu.pl\\\/?page_id=1098#primaryimage\",\"url\":\"http:\\\/\\\/wrh.edu.pl\\\/wp-content\\\/uploads\\\/2017\\\/10\\\/Finalik.jpg\",\"contentUrl\":\"http:\\\/\\\/wrh.edu.pl\\\/wp-content\\\/uploads\\\/2017\\\/10\\\/Finalik.jpg\",\"width\":760,\"height\":239},{\"@type\":\"WebSite\",\"@id\":\"http:\\\/\\\/wrh.edu.pl\\\/#website\",\"url\":\"http:\\\/\\\/wrh.edu.pl\\\/\",\"name\":\"Wschodni Rocznik Humanistyczny\",\"description\":\"Czasopismo naukowe\",\"publisher\":{\"@id\":\"http:\\\/\\\/wrh.edu.pl\\\/#organization\"},\"potentialAction\":[{\"@type\":\"SearchAction\",\"target\":{\"@type\":\"EntryPoint\",\"urlTemplate\":\"http:\\\/\\\/wrh.edu.pl\\\/?s={search_term_string}\"},\"query-input\":{\"@type\":\"PropertyValueSpecification\",\"valueRequired\":true,\"valueName\":\"search_term_string\"}}],\"inLanguage\":\"pl-PL\"},{\"@type\":\"Organization\",\"@id\":\"http:\\\/\\\/wrh.edu.pl\\\/#organization\",\"name\":\"Wschodni Rocznik Humanistyczny\",\"url\":\"http:\\\/\\\/wrh.edu.pl\\\/\",\"logo\":{\"@type\":\"ImageObject\",\"inLanguage\":\"pl-PL\",\"@id\":\"http:\\\/\\\/wrh.edu.pl\\\/#\\\/schema\\\/logo\\\/image\\\/\",\"url\":\"http:\\\/\\\/wrh.edu.pl\\\/wp-content\\\/uploads\\\/2017\\\/07\\\/logo_01.jpg\",\"contentUrl\":\"http:\\\/\\\/wrh.edu.pl\\\/wp-content\\\/uploads\\\/2017\\\/07\\\/logo_01.jpg\",\"width\":154,\"height\":183,\"caption\":\"Wschodni Rocznik Humanistyczny\"},\"image\":{\"@id\":\"http:\\\/\\\/wrh.edu.pl\\\/#\\\/schema\\\/logo\\\/image\\\/\"}}]}<\/script>\n<!-- \/ Yoast SEO plugin. -->","yoast_head_json":{"title":"T. XV (2018) \u2116 2 - Wschodni Rocznik Humanistyczny","robots":{"index":"index","follow":"follow","max-snippet":"max-snippet:-1","max-image-preview":"max-image-preview:large","max-video-preview":"max-video-preview:-1"},"canonical":"http:\/\/wrh.edu.pl\/?page_id=1098","og_locale":"pl_PL","og_type":"article","og_title":"T. XV (2018) \u2116 2 - Wschodni Rocznik Humanistyczny","og_description":"Wschodni Rocznik Humanistyczny, tom XV (2018), \u2116 2 Strona tytu\u0142owa,\u00a0 spis tre\u015bci Strona redakcji:\u00a0http:\/\/wrh.edu.pl RADA NAUKOWA prof. dr hab. Rolf Fieguth, Uniwersytet we Fryburgu, Szwajcaria ks. dr Hieronim Fokci\u0144ski SJ, rektor Papieskiego Instytutu Studi\u00f3w Ko\u015bcielnych w Rzymie, W\u0142ochy prof. dr Oleg Witaljewicz Gorbaczow, Uralski Federalny Uniwersytet, Jekaterynburg, Rosja dr Gediminas Kaz\u0117nas, Mykolas Romeris University, Wilno, [&hellip;]","og_url":"http:\/\/wrh.edu.pl\/?page_id=1098","og_site_name":"Wschodni Rocznik Humanistyczny","article_modified_time":"2021-10-07T07:09:15+00:00","og_image":[{"url":"http:\/\/wrh.edu.pl\/wp-content\/uploads\/2017\/10\/Finalik-300x94.jpg","type":"","width":"","height":""}],"twitter_card":"summary_large_image","twitter_misc":{"Szacowany czas czytania":"6 minut"},"schema":{"@context":"https:\/\/schema.org","@graph":[{"@type":"WebPage","@id":"http:\/\/wrh.edu.pl\/?page_id=1098","url":"http:\/\/wrh.edu.pl\/?page_id=1098","name":"T. XV (2018) \u2116 2 - Wschodni Rocznik Humanistyczny","isPartOf":{"@id":"http:\/\/wrh.edu.pl\/#website"},"primaryImageOfPage":{"@id":"http:\/\/wrh.edu.pl\/?page_id=1098#primaryimage"},"image":{"@id":"http:\/\/wrh.edu.pl\/?page_id=1098#primaryimage"},"thumbnailUrl":"http:\/\/wrh.edu.pl\/wp-content\/uploads\/2017\/10\/Finalik-300x94.jpg","datePublished":"2018-07-06T05:38:40+00:00","dateModified":"2021-10-07T07:09:15+00:00","inLanguage":"pl-PL","potentialAction":[{"@type":"ReadAction","target":["http:\/\/wrh.edu.pl\/?page_id=1098"]}]},{"@type":"ImageObject","inLanguage":"pl-PL","@id":"http:\/\/wrh.edu.pl\/?page_id=1098#primaryimage","url":"http:\/\/wrh.edu.pl\/wp-content\/uploads\/2017\/10\/Finalik.jpg","contentUrl":"http:\/\/wrh.edu.pl\/wp-content\/uploads\/2017\/10\/Finalik.jpg","width":760,"height":239},{"@type":"WebSite","@id":"http:\/\/wrh.edu.pl\/#website","url":"http:\/\/wrh.edu.pl\/","name":"Wschodni Rocznik Humanistyczny","description":"Czasopismo naukowe","publisher":{"@id":"http:\/\/wrh.edu.pl\/#organization"},"potentialAction":[{"@type":"SearchAction","target":{"@type":"EntryPoint","urlTemplate":"http:\/\/wrh.edu.pl\/?s={search_term_string}"},"query-input":{"@type":"PropertyValueSpecification","valueRequired":true,"valueName":"search_term_string"}}],"inLanguage":"pl-PL"},{"@type":"Organization","@id":"http:\/\/wrh.edu.pl\/#organization","name":"Wschodni Rocznik Humanistyczny","url":"http:\/\/wrh.edu.pl\/","logo":{"@type":"ImageObject","inLanguage":"pl-PL","@id":"http:\/\/wrh.edu.pl\/#\/schema\/logo\/image\/","url":"http:\/\/wrh.edu.pl\/wp-content\/uploads\/2017\/07\/logo_01.jpg","contentUrl":"http:\/\/wrh.edu.pl\/wp-content\/uploads\/2017\/07\/logo_01.jpg","width":154,"height":183,"caption":"Wschodni Rocznik Humanistyczny"},"image":{"@id":"http:\/\/wrh.edu.pl\/#\/schema\/logo\/image\/"}}]}},"_links":{"self":[{"href":"http:\/\/wrh.edu.pl\/index.php?rest_route=\/wp\/v2\/pages\/1098","targetHints":{"allow":["GET"]}}],"collection":[{"href":"http:\/\/wrh.edu.pl\/index.php?rest_route=\/wp\/v2\/pages"}],"about":[{"href":"http:\/\/wrh.edu.pl\/index.php?rest_route=\/wp\/v2\/types\/page"}],"author":[{"embeddable":true,"href":"http:\/\/wrh.edu.pl\/index.php?rest_route=\/wp\/v2\/users\/2"}],"replies":[{"embeddable":true,"href":"http:\/\/wrh.edu.pl\/index.php?rest_route=%2Fwp%2Fv2%2Fcomments&post=1098"}],"version-history":[{"count":19,"href":"http:\/\/wrh.edu.pl\/index.php?rest_route=\/wp\/v2\/pages\/1098\/revisions"}],"predecessor-version":[{"id":2496,"href":"http:\/\/wrh.edu.pl\/index.php?rest_route=\/wp\/v2\/pages\/1098\/revisions\/2496"}],"wp:attachment":[{"href":"http:\/\/wrh.edu.pl\/index.php?rest_route=%2Fwp%2Fv2%2Fmedia&parent=1098"}],"curies":[{"name":"wp","href":"https:\/\/api.w.org\/{rel}","templated":true}]}}