{"id":1730,"date":"2020-01-29T09:42:58","date_gmt":"2020-01-29T08:42:58","guid":{"rendered":"http:\/\/wrh.edu.pl\/?page_id=1730"},"modified":"2021-03-18T08:39:49","modified_gmt":"2021-03-18T07:39:49","slug":"wschodni-rocznik-humanistyczny-tom-xv-2018-%e2%84%96-3-2","status":"publish","type":"page","link":"http:\/\/wrh.edu.pl\/?page_id=1730&lang=en","title":{"rendered":"Volume XV (2018), \u2116 3"},"content":{"rendered":"\n<div class=\"art-postheadericons art-metadata-icons\"><span class=\"art-postediticon\"><a class=\"post-edit-link\" href=\"http:\/\/wrh.edu.pl\/wp-admin\/post.php?post=1164&amp;action=edit\">Edit<\/a><\/span><\/div>\n<div>\u00a0<\/div>\n<div>\n<div class=\"art-layout-cell art-content\">\n<article id=\"post-1730\" class=\"art-post art-article  post-1730 page type-page status-publish hentry\">\n<h1 class=\"art-postheader\">Volume XV (2018), \u2116 3<\/h1>\n<div class=\"art-postcontent clearfix\">\n<div class=\"art-postheadericons art-metadata-icons\"><span class=\"art-postediticon\"><a class=\"post-edit-link\" href=\"https:\/\/web.archive.org\/web\/20200920044144\/http:\/\/wrh.edu.pl\/wp-admin\/post.php?post=1164&amp;action=edit\">Edit<\/a><\/span><\/div>\n<div class=\"art-postcontent clearfix\">\n<p><strong>Belliculum Diplomaticum VII Lublinense \u201cOd pergaminu i papieru do e-Government<\/strong><\/p>\n<p>Strona tytu\u0142owa,\u00a0 spis tre\u015bci<\/p>\n<p>Strona redakcji:\u00a0<a href=\"https:\/\/web.archive.org\/web\/20200920044144\/http:\/\/wrh.edu.pl\/\">http:\/\/wrh.edu.pl<\/a><\/p>\n<p>RADA NAUKOWA<\/p>\n<p>prof. dr hab. <strong>Rolf Fieguth<\/strong>, Uniwersytet we Fryburgu, Szwajcaria<br \/>prof. dr <strong>Oleg Witaljewicz Gorbaczow<\/strong>, Uralski Federalny Uniwersytet, Jekaterynburg, Rosja<br \/>dr <strong>Gediminas Kaz\u0117nas<\/strong>, Mykolas Romeris University, Wilno, Litwa<br \/>dr <strong>Jussi Laine<\/strong>, University of Eastern Finland, Finlandia<br \/>prof. dr <strong>Siergiej Walentinowicz Lubiczankowskij<\/strong>, Orenburski Uniwersytet Pa\u0144stwowy, Rosja<br \/>prof. dr hab. <strong>Sigistas Narbutas<\/strong>, Biblioteka Naukowa im. Wr\u00f3blewskich w Wilnie, Litwa<br \/>dr <strong>Janusz Nowak<\/strong>, kierownik Archiwum i Zbioru R\u0119kopis\u00f3w Biblioteki xx Czartoryskich w Krakowie<br \/>dr <strong>Pierre-Etienne Penot<\/strong>, The Catholic University of the Vand\u00e9e, La Roche-sur-Yon, Francja<br \/>prof. dr hab. <strong>Miros\u0142aw Piotrowski<\/strong>, Katolicki Uniwersytet Lubelski<br \/>prof. dr hab. <strong>Marek Plewczy\u0144ski<\/strong>, Uniwersytet Przyrodniczo-Humanistyczny w Siedlcach<br \/>prof. dr <strong>Ludmi\u0142a Posochowa<\/strong>, Charkowski Uniwersytet Narodowy im. W.N. Karazina, Ukraina<br \/>prof. dr hab. <strong>Krzysztof Skupie\u0144ski<\/strong>, Uniwersytet Marii Curie-Sk\u0142odowskiej w Lublinie<br \/>dr <strong>George Soroka<\/strong>, Harvard University, USA<br \/>dr hab. <strong>Maria Starnawska<\/strong>, Akademia im. J. D\u0142ugosza w Cz\u0119stochowie<br \/>prof. dr <strong>Walerij Leonidowicz Stiepanow<\/strong>, Instytut Ekonomiki Rosyjskiej Akademii Nauk, Moskwa, Rosja<br \/>dr hab. <strong>Tadeusz M. Trajdos<\/strong>, prof. Instytutu Historii Polskiej Akademii Nauk<br \/>dr hab. <strong>Marek Wagner<\/strong>, prof. Uniwersytetu Przyrodniczo-Humanistycznego w Siedlcach<\/p>\n<p>KOLEGIUM REDAKCYJNE I REDAKCJA<\/p>\n<p><strong>Leszek Gawor<\/strong> (dzia\u0142: filozofia), <strong>Artur Goszczy\u0144ski<\/strong> (sekretarz), <strong>Artur G\u00f3rak<\/strong> (redaktor naczelny), <strong>Krzysztof Latawiec<\/strong> (dzia\u0142: historia), <strong>Tomasz Lawenda<\/strong> (dzia\u0142: historia literatury), <strong>Dariusz Magier<\/strong> (z-ca redaktora naczelnego), <strong>Tomasz St\u0119pniewski<\/strong> (dzia\u0142: stosunki mi\u0119dzynarodowe), <strong>Andrzej Szabaciuk<\/strong> (dzia\u0142: politologia)<\/p>\n<p>Czasopismo recenzowane (patrz <a href=\"https:\/\/web.archive.org\/web\/20200920044144\/http:\/\/wrh.edu.pl\/kolegium-recenzentow\/\">Kolegium Recenzent\u00f3w<\/a>)<\/p>\n<p>Opracowanie graficzne, sk\u0142ad i \u0142amanie: <strong>Tytus Przemys\u0142aw Krupski<\/strong><br \/>T\u0142umaczenia angielskie: <strong>Robert St\u0119pie\u0144<\/strong>, rosyjskie: <strong>Artur G\u00f3rak<\/strong><br \/>Wydawca<strong>: Towarzystwo Nauki i Kultury \u201eLibra\u201d<\/strong>, ul. Wisznicka 63, 21-300 Radzy\u0144 Podlaski<\/p>\n<p>\u00a9 ToNiK \u201eLibra\u201d<br \/>ISSN 1731-982X<br \/>Druk: ELPIL, Siedlce, ul. Artyleryjska 11, <a href=\"https:\/\/web.archive.org\/web\/20200920044144\/http:\/\/www.elpil.com.pl\/\">www.elpil.com.pl<\/a><\/p>\n<hr class=\"wp-block-separator\" \/>\n<div class=\"wp-block-image\">\n<figure class=\"aligncenter is-resized\"><img loading=\"lazy\" decoding=\"async\" class=\"wp-image-1296\" src=\"https:\/\/web.archive.org\/web\/20200920044144im_\/http:\/\/wrh.edu.pl\/wp-content\/uploads\/2019\/04\/0007-1024x454.jpg\" sizes=\"auto, (max-width: 422px) 100vw, 422px\" srcset=\"https:\/\/web.archive.org\/web\/20200920044144im_\/http:\/\/wrh.edu.pl\/wp-content\/uploads\/2019\/04\/0007-1024x454.jpg 1024w, https:\/\/web.archive.org\/web\/20200920044144im_\/http:\/\/wrh.edu.pl\/wp-content\/uploads\/2019\/04\/0007-300x133.jpg 300w, https:\/\/web.archive.org\/web\/20200920044144im_\/http:\/\/wrh.edu.pl\/wp-content\/uploads\/2019\/04\/0007-768x340.jpg 768w, https:\/\/web.archive.org\/web\/20200920044144im_\/http:\/\/wrh.edu.pl\/wp-content\/uploads\/2019\/04\/0007.jpg 1031w\" alt=\"\" width=\"422\" height=\"187\" \/><\/figure>\n<\/div>\n<p><strong>Belliculum Diplomaticum VII Lublinense<br \/>Od pergaminu i papieru do e-Government<\/strong><\/p>\n<p><strong>Daniel Sawicki<\/strong> (Bia\u0142a Podlaska), <strong>Tw\u00f3rczo\u015b\u0107 indywidualna i jej wp\u0142yw na rozw\u00f3j staroruskiego \u015bpiewu cerkiewnego\u00a0w XVI i XVII wieku<\/strong> , \u201cWschodni Rocznik Humanistyczny\u201d t. XV, \u2116 3: Belliculum Diplomaticum VII Lublinense. Od pergaminu i papieru do e-Government, s. 7-22. <a href=\"https:\/\/web.archive.org\/web\/20200920044144\/http:\/\/wrh.edu.pl\/wp-content\/uploads\/2019\/04\/009_Daniel-Sawicki_wrh15_no3_v03.pdf\">pdf<\/a><\/p>\n<div class=\"wp-block-image\">\n<figure class=\"aligncenter is-resized\"><img loading=\"lazy\" decoding=\"async\" class=\"wp-image-740\" src=\"https:\/\/web.archive.org\/web\/20200920044144im_\/http:\/\/wrh.edu.pl\/wp-content\/uploads\/2017\/10\/Finalik.jpg\" sizes=\"auto, (max-width: 387px) 100vw, 387px\" srcset=\"https:\/\/web.archive.org\/web\/20200920044144im_\/http:\/\/wrh.edu.pl\/wp-content\/uploads\/2017\/10\/Finalik.jpg 760w, https:\/\/web.archive.org\/web\/20200920044144im_\/http:\/\/wrh.edu.pl\/wp-content\/uploads\/2017\/10\/Finalik-300x94.jpg 300w\" alt=\"\" width=\"387\" height=\"121\" \/><\/figure>\n<\/div>\n<p><strong>Marcin Fr\u0105\u015b <\/strong>(Uniwersytet Miko\u0142aja Kopernika, Toru\u0144), <strong>Kancelarie wielkopolskich miast prywatnych jako problem badawczy<\/strong>, \u201cWschodni Rocznik Humanistyczny\u201d t. XV, \u2116 3: Belliculum Diplomaticum VII Lublinense. Od pergaminu i papieru do e-Government, s. 35-42. <a href=\"https:\/\/web.archive.org\/web\/20200920044144\/http:\/\/wrh.edu.pl\/wp-content\/uploads\/2019\/04\/037_Marcin-Fr\u0105\u015b_WRH_XV_no3.pdf\">pdf<\/a><\/p>\n<div class=\"wp-block-image\">\n<figure class=\"aligncenter is-resized\"><img loading=\"lazy\" decoding=\"async\" class=\"wp-image-740\" src=\"https:\/\/web.archive.org\/web\/20200920044144im_\/http:\/\/wrh.edu.pl\/wp-content\/uploads\/2017\/10\/Finalik.jpg\" sizes=\"auto, (max-width: 392px) 100vw, 392px\" srcset=\"https:\/\/web.archive.org\/web\/20200920044144im_\/http:\/\/wrh.edu.pl\/wp-content\/uploads\/2017\/10\/Finalik.jpg 760w, https:\/\/web.archive.org\/web\/20200920044144im_\/http:\/\/wrh.edu.pl\/wp-content\/uploads\/2017\/10\/Finalik-300x94.jpg 300w\" alt=\"\" width=\"392\" height=\"123\" \/><\/figure>\n<\/div>\n<p><strong>Krzysztof Syta<\/strong> (Uniwersytet Miko\u0142aja Kopernika, Toru\u0144), <strong>Dokumentacja gospodarczo-finansowa w administracji latyfundium Branickich h. Gryf w XVIII w. \u2013 kilka uwag na marginesie procesu aktotw\u00f3rczego<\/strong>, \u201cWschodni Rocznik Humanistyczny\u201d t. XV, \u2116 3: Belliculum Diplomaticum VII Lublinense. Od pergaminu i papieru do e-Government, s. 23-34. <a href=\"https:\/\/web.archive.org\/web\/20200920044144\/http:\/\/wrh.edu.pl\/wp-content\/uploads\/2019\/04\/025_Krzysztof-Syta_wrh15_no3_v03.pdf\">pdf<\/a><\/p>\n<div class=\"wp-block-image\">\n<figure class=\"aligncenter is-resized\"><img loading=\"lazy\" decoding=\"async\" class=\"wp-image-740\" src=\"https:\/\/web.archive.org\/web\/20200920044144im_\/http:\/\/wrh.edu.pl\/wp-content\/uploads\/2017\/10\/Finalik.jpg\" sizes=\"auto, (max-width: 368px) 100vw, 368px\" srcset=\"https:\/\/web.archive.org\/web\/20200920044144im_\/http:\/\/wrh.edu.pl\/wp-content\/uploads\/2017\/10\/Finalik.jpg 760w, https:\/\/web.archive.org\/web\/20200920044144im_\/http:\/\/wrh.edu.pl\/wp-content\/uploads\/2017\/10\/Finalik-300x94.jpg 300w\" alt=\"\" width=\"368\" height=\"116\" \/><\/figure>\n<\/div>\n<p><strong>Marcin Mielnik <\/strong>(Polskie Towarzystwo Historii Techniki, Warszawa), <strong>Ewolucja dokumentacji w Ksi\u0119stwie Warszawskim: od komisji rz\u0105dz\u0105cej do rady najwy\u017cszej tymczasowej<\/strong>, \u201cWschodni Rocznik Humanistyczny\u201d t. XV, \u2116 3: Belliculum Diplomaticum VII Lublinense. Od pergaminu i papieru do e-Government, s. 43-56. <a href=\"https:\/\/web.archive.org\/web\/20200920044144\/http:\/\/wrh.edu.pl\/wp-content\/uploads\/2019\/04\/043_Marcin-Mielnik_wrh15_no3_v03.pdf\">pdf<\/a><\/p>\n<div class=\"wp-block-image\">\n<figure class=\"aligncenter is-resized\"><img loading=\"lazy\" decoding=\"async\" class=\"wp-image-740\" src=\"https:\/\/web.archive.org\/web\/20200920044144im_\/http:\/\/wrh.edu.pl\/wp-content\/uploads\/2017\/10\/Finalik.jpg\" sizes=\"auto, (max-width: 367px) 100vw, 367px\" srcset=\"https:\/\/web.archive.org\/web\/20200920044144im_\/http:\/\/wrh.edu.pl\/wp-content\/uploads\/2017\/10\/Finalik.jpg 760w, https:\/\/web.archive.org\/web\/20200920044144im_\/http:\/\/wrh.edu.pl\/wp-content\/uploads\/2017\/10\/Finalik-300x94.jpg 300w\" alt=\"\" width=\"367\" height=\"115\" \/><\/figure>\n<\/div>\n<p><strong>Tomasz Olejnik <\/strong>(Uniwersytet Adama Mickiewicza, Pozna\u0144), <strong>Sanacja finans\u00f3w publicznych \u2013 reformy ksi\u0119cia Franciszka Ksawerego Druckiego-Lubeckiego<\/strong>, \u201cWschodni Rocznik Humanistyczny\u201d t. XV, \u2116 3: Belliculum Diplomaticum VII Lublinense. Od pergaminu i papieru do e-Government, s. 57-72. <a href=\"https:\/\/web.archive.org\/web\/20200920044144\/http:\/\/wrh.edu.pl\/wp-content\/uploads\/2019\/04\/059_Tomasz-Olejnik_wrh15_no3_v03.pdf\">pdf<\/a><\/p>\n<div class=\"wp-block-image\">\n<figure class=\"aligncenter is-resized\"><img loading=\"lazy\" decoding=\"async\" class=\"wp-image-740\" src=\"https:\/\/web.archive.org\/web\/20200920044144im_\/http:\/\/wrh.edu.pl\/wp-content\/uploads\/2017\/10\/Finalik.jpg\" sizes=\"auto, (max-width: 363px) 100vw, 363px\" srcset=\"https:\/\/web.archive.org\/web\/20200920044144im_\/http:\/\/wrh.edu.pl\/wp-content\/uploads\/2017\/10\/Finalik.jpg 760w, https:\/\/web.archive.org\/web\/20200920044144im_\/http:\/\/wrh.edu.pl\/wp-content\/uploads\/2017\/10\/Finalik-300x94.jpg 300w\" alt=\"\" width=\"363\" height=\"114\" \/><\/figure>\n<\/div>\n<p><strong>Robert St\u0119pie\u0144 <\/strong>(Uniwersytet Marii Curie-Sk\u0142odowskiej, Lublin), <strong>Losy ksi\u0119gozbioru klasztornego benedyktyn\u00f3w sieciechowskich po kasacie opactwa w 1819 roku<\/strong>, \u201cWschodni Rocznik Humanistyczny\u201d t. XV, \u2116 3: Belliculum Diplomaticum VII Lublinense. Od pergaminu i papieru do e-Government, s. 73-86. <a href=\"https:\/\/web.archive.org\/web\/20200920044144\/http:\/\/wrh.edu.pl\/wp-content\/uploads\/2019\/04\/075_Robert-St\u0119pie\u0144_wrh15_no3_v03.pdf\">pdf<\/a><\/p>\n<div class=\"wp-block-image\">\n<figure class=\"aligncenter is-resized\"><img loading=\"lazy\" decoding=\"async\" class=\"wp-image-740\" src=\"https:\/\/web.archive.org\/web\/20200920044144im_\/http:\/\/wrh.edu.pl\/wp-content\/uploads\/2017\/10\/Finalik.jpg\" sizes=\"auto, (max-width: 378px) 100vw, 378px\" srcset=\"https:\/\/web.archive.org\/web\/20200920044144im_\/http:\/\/wrh.edu.pl\/wp-content\/uploads\/2017\/10\/Finalik.jpg 760w, https:\/\/web.archive.org\/web\/20200920044144im_\/http:\/\/wrh.edu.pl\/wp-content\/uploads\/2017\/10\/Finalik-300x94.jpg 300w\" alt=\"\" width=\"378\" height=\"119\" \/><\/figure>\n<\/div>\n<p><strong>Adam Grzegorz D\u0105browski <\/strong>(Archiwum Akt Nowych, Warszawa), <strong>Reforma metod pracy biurowej resortu spraw wewn\u0119trznych w latach 1931-1932. Przyczynek do zagadnienia usprawnienia funkcjonowania rz\u0119d\u00f3w administracji pa\u0144stwowej Drugiej Rzeczypospolitej<\/strong>, \u201cWschodni Rocznik Humanistyczny\u201d t. XV, \u2116 3: Belliculum Diplomaticum VII Lublinense. Od pergaminu i papieru do e-Government, s. 87-102. <a href=\"https:\/\/web.archive.org\/web\/20200920044144\/http:\/\/wrh.edu.pl\/wp-content\/uploads\/2019\/04\/089_Adam-D\u0105browski_wrh15_no3_v03.pdf\">pdf<\/a><\/p>\n<div class=\"wp-block-image\">\n<figure class=\"aligncenter is-resized\"><img loading=\"lazy\" decoding=\"async\" class=\"wp-image-740\" src=\"https:\/\/web.archive.org\/web\/20200920044144im_\/http:\/\/wrh.edu.pl\/wp-content\/uploads\/2017\/10\/Finalik.jpg\" sizes=\"auto, (max-width: 374px) 100vw, 374px\" srcset=\"https:\/\/web.archive.org\/web\/20200920044144im_\/http:\/\/wrh.edu.pl\/wp-content\/uploads\/2017\/10\/Finalik.jpg 760w, https:\/\/web.archive.org\/web\/20200920044144im_\/http:\/\/wrh.edu.pl\/wp-content\/uploads\/2017\/10\/Finalik-300x94.jpg 300w\" alt=\"\" width=\"374\" height=\"117\" \/><\/figure>\n<\/div>\n<p><strong>Tomasz Czarnota<\/strong> (Uniwersytet Marii Curie-Sk\u0142odowskiej, Lublin), <strong>Kartotekarze i kartoteki w komitetach powiatowych PZPR wojew\u00f3dztwa lubelskiego<\/strong>, \u201cWschodni Rocznik Humanistyczny\u201d t. XV, \u2116 3: Belliculum Diplomaticum VII Lublinense. Od pergaminu i papieru do e-Government, s. 103-128. <a href=\"https:\/\/web.archive.org\/web\/20200920044144\/http:\/\/wrh.edu.pl\/wp-content\/uploads\/2019\/04\/105_Tomasz-Czarnota_wrh15_no3_v03.pdf\">pdf<\/a><\/p>\n<div class=\"wp-block-image\">\n<figure class=\"aligncenter is-resized\"><img loading=\"lazy\" decoding=\"async\" class=\"wp-image-740\" src=\"https:\/\/web.archive.org\/web\/20200920044144im_\/http:\/\/wrh.edu.pl\/wp-content\/uploads\/2017\/10\/Finalik.jpg\" sizes=\"auto, (max-width: 367px) 100vw, 367px\" srcset=\"https:\/\/web.archive.org\/web\/20200920044144im_\/http:\/\/wrh.edu.pl\/wp-content\/uploads\/2017\/10\/Finalik.jpg 760w, https:\/\/web.archive.org\/web\/20200920044144im_\/http:\/\/wrh.edu.pl\/wp-content\/uploads\/2017\/10\/Finalik-300x94.jpg 300w\" alt=\"\" width=\"367\" height=\"115\" \/><\/figure>\n<\/div>\n<p><strong>\u0421\u0435\u0440\u0433\u0435\u0439 \u041f\u043e\u0441\u043e\u0445\u043e\u0432, \u0415\u0432\u0433\u0435\u043d\u0438\u0439 \u0420\u0430\u0447\u043a\u043e\u0432<\/strong> (\u0425\u0430\u0440\u043a\u0456\u0432\u0441\u044c\u043a\u0438\u0439 \u043d\u0430\u0446\u0456\u043e\u043d\u0430\u043b\u044c\u043d\u0438\u0439 \u0443\u043d\u0456\u0432\u0435\u0440\u0441\u0438\u0442\u0435\u0442),\u00a0<strong>\u042d\u043b\u0435\u043a\u0442\u0440\u043e\u043d\u043d\u044b\u0439 \u0434\u043e\u043a\u0443\u043c\u0435\u043d\u0442 \u0432 \u0441\u0438\u0441\u0442\u0435\u043c\u0435 \u0443\u043f\u0440\u0430\u0432\u043b\u0435\u043d\u0438\u044f (\u043d\u0430 \u043c\u0430\u0442\u0435\u0440\u0438\u0430\u043b\u0430\u0445 \u0443\u043d\u0438\u0432\u0435\u0440\u0441\u0438\u0442\u0435\u0442\u043e\u0432 \u0423\u043a\u0440\u0430\u0438\u043d\u044b)<\/strong>, \u201cWschodni Rocznik Humanistyczny\u201d t. XV, \u2116 3: Belliculum Diplomaticum VII Lublinense. Od pergaminu i papieru do e-Government, s. 129-142. <a href=\"https:\/\/web.archive.org\/web\/20200920044144\/http:\/\/wrh.edu.pl\/wp-content\/uploads\/2019\/04\/131_\u041f\u043e\u0441\u043e\u0445\u043e\u0432_\u0420\u0430\u0447\u043a\u043e\u0432_wrh15_no3_v03.pdf\">pdf<\/a><\/p>\n<div class=\"wp-block-image\">\n<figure class=\"aligncenter is-resized\"><img loading=\"lazy\" decoding=\"async\" class=\"wp-image-740\" src=\"https:\/\/web.archive.org\/web\/20200920044144im_\/http:\/\/wrh.edu.pl\/wp-content\/uploads\/2017\/10\/Finalik.jpg\" sizes=\"auto, (max-width: 364px) 100vw, 364px\" srcset=\"https:\/\/web.archive.org\/web\/20200920044144im_\/http:\/\/wrh.edu.pl\/wp-content\/uploads\/2017\/10\/Finalik.jpg 760w, https:\/\/web.archive.org\/web\/20200920044144im_\/http:\/\/wrh.edu.pl\/wp-content\/uploads\/2017\/10\/Finalik-300x94.jpg 300w\" alt=\"\" width=\"364\" height=\"114\" \/><\/figure>\n<\/div>\n<p><strong>\u041e\u043b\u0435\u0433 \u0413\u043e\u0440\u0431\u0430\u0447\u0435\u0432 <\/strong>(\u0423\u0440\u0430\u043b\u044c\u0441\u043a\u0438\u0439 \u0424\u0435\u0434\u0435\u0440\u0430\u043b\u044c\u043d\u044b\u0439 \u0423\u043d\u0438\u0432\u0435\u0440\u0441\u0438\u0442\u0435\u0442, \u0415\u043a\u0430\u0442\u0435\u0440\u0438\u043d\u0431\u0443\u0440\u0433),\u00a0<strong>\u0420\u043e\u0441\u0441\u0438\u0439\u0441\u043a\u0430\u044f \u043a\u043e\u043d\u0446\u0435\u043f\u0446\u0438\u044f \u044d\u043b\u0435\u043a\u0442\u0440\u043e\u043d\u043d\u043e\u0433\u043e \u043f\u0440\u0430\u0432\u0438\u0442\u0435\u043b\u044c\u0441\u0442\u0432\u0430: \u0440\u0435\u0433\u0438\u043e\u043d\u0430\u043b\u044c\u043d\u044b\u0439 \u0430\u0441\u043f\u0435\u043a\u0442 (\u043d\u0430 \u043f\u0440\u0438\u043c\u0435\u0440\u0435 \u0421\u0432\u0435\u0440\u0434\u043b\u043e\u0432\u0441\u043a\u043e\u0439 \u043e\u0431\u043b\u0430\u0441\u0442\u0438)<\/strong>, \u201cWschodni Rocznik Humanistyczny\u201d t. XV, \u2116 3: Belliculum Diplomaticum VII Lublinense. Od pergaminu i papieru do e-Government, s. 143-154. <a href=\"https:\/\/web.archive.org\/web\/20200920044144\/http:\/\/wrh.edu.pl\/wp-content\/uploads\/2019\/04\/145_\u0413\u043e\u0440\u0431\u0430\u0447\u0435\u0432_wrh15_no3_v03.pdf\">pdf<\/a><\/p>\n<div class=\"wp-block-image\">\n<figure class=\"aligncenter is-resized\"><img loading=\"lazy\" decoding=\"async\" class=\"wp-image-1293\" src=\"https:\/\/web.archive.org\/web\/20200920044144im_\/http:\/\/wrh.edu.pl\/wp-content\/uploads\/2019\/04\/Varia.jpg\" sizes=\"auto, (max-width: 412px) 100vw, 412px\" srcset=\"https:\/\/web.archive.org\/web\/20200920044144im_\/http:\/\/wrh.edu.pl\/wp-content\/uploads\/2019\/04\/Varia.jpg 471w, https:\/\/web.archive.org\/web\/20200920044144im_\/http:\/\/wrh.edu.pl\/wp-content\/uploads\/2019\/04\/Varia-300x117.jpg 300w\" alt=\"\" width=\"412\" height=\"161\" \/><\/figure>\n<\/div>\n<p><strong>Leszek Gawor<\/strong> (Uniwersytet Rzeszowski), <strong>Pocz\u0105tki polskiego ruchu wolnomy\u015blicielskiego<\/strong>, \u201cWschodni Rocznik Humanistyczny\u201d t. XV, \u2116 3: Belliculum Diplomaticum VII Lublinense. Od pergaminu i papieru do e-Government, s. 155-164. <a href=\"https:\/\/web.archive.org\/web\/20200920044144\/http:\/\/wrh.edu.pl\/wp-content\/uploads\/2019\/04\/159_Leszek-Gawor_wrh15_no3_v03.pdf\">pdf<\/a><\/p>\n<div class=\"wp-block-image\">\n<figure class=\"aligncenter is-resized\"><img loading=\"lazy\" decoding=\"async\" class=\"wp-image-740\" src=\"https:\/\/web.archive.org\/web\/20200920044144im_\/http:\/\/wrh.edu.pl\/wp-content\/uploads\/2017\/10\/Finalik.jpg\" sizes=\"auto, (max-width: 370px) 100vw, 370px\" srcset=\"https:\/\/web.archive.org\/web\/20200920044144im_\/http:\/\/wrh.edu.pl\/wp-content\/uploads\/2017\/10\/Finalik.jpg 760w, https:\/\/web.archive.org\/web\/20200920044144im_\/http:\/\/wrh.edu.pl\/wp-content\/uploads\/2017\/10\/Finalik-300x94.jpg 300w\" alt=\"\" width=\"370\" height=\"116\" \/><\/figure>\n<\/div>\n<p><strong>Damian Kuty\u0142a <\/strong>(Uniwersytet Rzeszowski), <strong>Filmy anime jako najpopularniejszy produkt eksportowy japo\u0144skiej popkultury<\/strong>, \u201cWschodni Rocznik Humanistyczny\u201d t. XV, \u2116 3: Belliculum Diplomaticum VII Lublinense. Od pergaminu i papieru do e-Government, s. 165-174. <a href=\"https:\/\/web.archive.org\/web\/20200920044144\/http:\/\/wrh.edu.pl\/wp-content\/uploads\/2019\/04\/169_Damian-Kuty\u0142a_wrh15_no3_v03.pdf\">pdf<\/a><\/p>\n<div class=\"wp-block-image\">\n<figure class=\"aligncenter is-resized\"><img loading=\"lazy\" decoding=\"async\" class=\"wp-image-740\" src=\"https:\/\/web.archive.org\/web\/20200920044144im_\/http:\/\/wrh.edu.pl\/wp-content\/uploads\/2017\/10\/Finalik.jpg\" sizes=\"auto, (max-width: 366px) 100vw, 366px\" srcset=\"https:\/\/web.archive.org\/web\/20200920044144im_\/http:\/\/wrh.edu.pl\/wp-content\/uploads\/2017\/10\/Finalik.jpg 760w, https:\/\/web.archive.org\/web\/20200920044144im_\/http:\/\/wrh.edu.pl\/wp-content\/uploads\/2017\/10\/Finalik-300x94.jpg 300w\" alt=\"\" width=\"366\" height=\"115\" \/><\/figure>\n<\/div>\n<p><strong>Damian Sitkiewicz<\/strong> (Uniwersytet Przyrodniczo Humanistyczny w Siedlcach), <strong>Problem napad\u00f3w na dwory i folwarki na terenie Generalnego Gubernatorstwa (bez Galicji) w okresie okupacji niemieckiej w latach 1939-1945,<\/strong> \u201cWschodni Rocznik Humanistyczny\u201d t. XV, \u2116 3: Belliculum Diplomaticum VII Lublinense. Od pergaminu i papieru do e-Government, s. 175-198. <a href=\"https:\/\/web.archive.org\/web\/20200920044144\/http:\/\/wrh.edu.pl\/wp-content\/uploads\/2019\/04\/179_Damian-Sitkiewicz_wrh15_no3_v03.pdf\">pdf<\/a><\/p>\n<hr class=\"wp-block-separator\" \/>\n<div class=\"wp-block-image\">\n<figure class=\"aligncenter is-resized\"><img loading=\"lazy\" decoding=\"async\" class=\"wp-image-740\" src=\"https:\/\/web.archive.org\/web\/20200920044144im_\/http:\/\/wrh.edu.pl\/wp-content\/uploads\/2017\/10\/Finalik.jpg\" sizes=\"auto, (max-width: 366px) 100vw, 366px\" srcset=\"https:\/\/web.archive.org\/web\/20200920044144im_\/http:\/\/wrh.edu.pl\/wp-content\/uploads\/2017\/10\/Finalik.jpg 760w, https:\/\/web.archive.org\/web\/20200920044144im_\/http:\/\/wrh.edu.pl\/wp-content\/uploads\/2017\/10\/Finalik-300x94.jpg 300w\" alt=\"\" width=\"366\" height=\"115\" \/><\/figure>\n<\/div>\n<p><strong>Iwona G\u00f3rnicka<\/strong>\u00a0(Uniwersytet Marii Curie-Sk\u0142odowskiej, Lublin) <strong>Punkta rady i mowy jego mo\u015bci pana podskarbiego koronnego w zamku \u0142owickim<\/strong>, \u201cWschodni Rocznik Humanistyczny\u201d t. XV, \u2116 3: Belliculum Diplomaticum VII Lublinense. Od pergaminu i papieru do e-Government, s. 199-202. <a href=\"https:\/\/web.archive.org\/web\/20200920044144\/http:\/\/wrh.edu.pl\/wp-content\/uploads\/2019\/04\/205_Iwona-G\u00f3rnicka_wrh15_no3_v03.pdf\">pdf<\/a><\/p>\n<hr class=\"wp-block-separator\" \/>\n<div class=\"wp-block-image\">\n<figure class=\"aligncenter is-resized\"><img loading=\"lazy\" decoding=\"async\" class=\"wp-image-1292\" src=\"https:\/\/web.archive.org\/web\/20200920044144im_\/http:\/\/wrh.edu.pl\/wp-content\/uploads\/2019\/04\/Polemiki-recenzje-sprawozdania.jpg\" sizes=\"auto, (max-width: 427px) 100vw, 427px\" srcset=\"https:\/\/web.archive.org\/web\/20200920044144im_\/http:\/\/wrh.edu.pl\/wp-content\/uploads\/2019\/04\/Polemiki-recenzje-sprawozdania.jpg 760w, https:\/\/web.archive.org\/web\/20200920044144im_\/http:\/\/wrh.edu.pl\/wp-content\/uploads\/2019\/04\/Polemiki-recenzje-sprawozdania-300x159.jpg 300w\" alt=\"\" width=\"427\" height=\"227\" \/><\/figure>\n<\/div>\n<p><strong>Damian Kuty\u0142a <\/strong>(Uniwersytet Rzeszowski), <strong>Recenzja ksi\u0105\u017cki pt. Cnoty. Eseje z filozofii kultury, pod red. Magdaleny \u017bardeckiej-Nowak i Witolda M. Nowaka, Rzesz\u00f3w 2016, ss. 216<\/strong>, \u201cWschodni Rocznik Humanistyczny\u201d t. XV, \u2116 3: Belliculum Diplomaticum VII Lublinense. Od pergaminu i papieru do e-Government, s. 203-206. <a href=\"https:\/\/web.archive.org\/web\/20200920044144\/http:\/\/wrh.edu.pl\/wp-content\/uploads\/2019\/04\/211_Damian-Kuty\u0142a_wrh15_no3_v03.pdf\">pdf<\/a><\/p>\n<div class=\"wp-block-image\">\n<figure class=\"aligncenter is-resized\"><img loading=\"lazy\" decoding=\"async\" class=\"wp-image-740\" src=\"https:\/\/web.archive.org\/web\/20200920044144im_\/http:\/\/wrh.edu.pl\/wp-content\/uploads\/2017\/10\/Finalik.jpg\" sizes=\"auto, (max-width: 386px) 100vw, 386px\" srcset=\"https:\/\/web.archive.org\/web\/20200920044144im_\/http:\/\/wrh.edu.pl\/wp-content\/uploads\/2017\/10\/Finalik.jpg 760w, https:\/\/web.archive.org\/web\/20200920044144im_\/http:\/\/wrh.edu.pl\/wp-content\/uploads\/2017\/10\/Finalik-300x94.jpg 300w\" alt=\"\" width=\"386\" height=\"121\" \/><\/figure>\n<\/div>\n<p><a href=\"https:\/\/web.archive.org\/web\/20200920044144\/http:\/\/wrh.edu.pl\/wp-content\/uploads\/2019\/04\/215_o-Autorach_wrh15_no3_v03.pdf\">O Autorach<\/a><\/p>\n<\/div>\n<\/div>\n<\/article>\n<\/div>\n<\/div>\n<div class=\"art-postcontent clearfix\">\u00a0<\/div>\n","protected":false},"excerpt":{"rendered":"<p>Edit \u00a0 Volume XV (2018), \u2116 3 Edit Belliculum Diplomaticum VII Lublinense \u201cOd pergaminu i papieru do e-Government Strona tytu\u0142owa,\u00a0 spis tre\u015bci Strona redakcji:\u00a0http:\/\/wrh.edu.pl RADA NAUKOWA prof. dr hab. Rolf Fieguth, Uniwersytet we Fryburgu, Szwajcariaprof. dr Oleg Witaljewicz Gorbaczow, Uralski Federalny Uniwersytet, Jekaterynburg, Rosjadr Gediminas Kaz\u0117nas, Mykolas Romeris University, Wilno, Litwadr Jussi Laine, University of [&hellip;]<\/p>\n","protected":false},"author":1,"featured_media":0,"parent":0,"menu_order":25,"comment_status":"closed","ping_status":"closed","template":"","meta":{"footnotes":""},"class_list":["post-1730","page","type-page","status-publish","hentry"],"yoast_head":"<!-- This site is optimized with the Yoast SEO plugin v27.4 - https:\/\/yoast.com\/product\/yoast-seo-wordpress\/ -->\n<title>Volume XV (2018), \u2116 3 - Wschodni Rocznik Humanistyczny<\/title>\n<meta name=\"robots\" content=\"index, follow, max-snippet:-1, max-image-preview:large, max-video-preview:-1\" \/>\n<link rel=\"canonical\" href=\"http:\/\/wrh.edu.pl\/?page_id=1730&lang=en\" \/>\n<meta property=\"og:locale\" content=\"pl_PL\" \/>\n<meta property=\"og:type\" content=\"article\" \/>\n<meta property=\"og:title\" content=\"Volume XV (2018), \u2116 3 - Wschodni Rocznik Humanistyczny\" \/>\n<meta property=\"og:description\" content=\"Edit \u00a0 Volume XV (2018), \u2116 3 Edit Belliculum Diplomaticum VII Lublinense \u201cOd pergaminu i papieru do e-Government Strona tytu\u0142owa,\u00a0 spis tre\u015bci Strona redakcji:\u00a0http:\/\/wrh.edu.pl RADA NAUKOWA prof. dr hab. Rolf Fieguth, Uniwersytet we Fryburgu, Szwajcariaprof. dr Oleg Witaljewicz Gorbaczow, Uralski Federalny Uniwersytet, Jekaterynburg, Rosjadr Gediminas Kaz\u0117nas, Mykolas Romeris University, Wilno, Litwadr Jussi Laine, University of [&hellip;]\" \/>\n<meta property=\"og:url\" content=\"http:\/\/wrh.edu.pl\/?page_id=1730&amp;lang=en\" \/>\n<meta property=\"og:site_name\" content=\"Wschodni Rocznik Humanistyczny\" \/>\n<meta property=\"article:modified_time\" content=\"2021-03-18T07:39:49+00:00\" \/>\n<meta property=\"og:image\" content=\"https:\/\/web.archive.org\/web\/20200920044144im_\/http:\/\/wrh.edu.pl\/wp-content\/uploads\/2019\/04\/0007-1024x454.jpg\" \/>\n<meta name=\"twitter:card\" content=\"summary_large_image\" \/>\n<meta name=\"twitter:label1\" content=\"Szacowany czas czytania\" \/>\n\t<meta name=\"twitter:data1\" content=\"7 minut\" \/>\n<script type=\"application\/ld+json\" class=\"yoast-schema-graph\">{\"@context\":\"https:\\\/\\\/schema.org\",\"@graph\":[{\"@type\":\"WebPage\",\"@id\":\"http:\\\/\\\/wrh.edu.pl\\\/?page_id=1730&lang=en\",\"url\":\"http:\\\/\\\/wrh.edu.pl\\\/?page_id=1730&lang=en\",\"name\":\"Volume XV (2018), \u2116 3 - Wschodni Rocznik Humanistyczny\",\"isPartOf\":{\"@id\":\"http:\\\/\\\/wrh.edu.pl\\\/#website\"},\"primaryImageOfPage\":{\"@id\":\"http:\\\/\\\/wrh.edu.pl\\\/?page_id=1730&lang=en#primaryimage\"},\"image\":{\"@id\":\"http:\\\/\\\/wrh.edu.pl\\\/?page_id=1730&lang=en#primaryimage\"},\"thumbnailUrl\":\"https:\\\/\\\/web.archive.org\\\/web\\\/20200920044144im_\\\/http:\\\/\\\/wrh.edu.pl\\\/wp-content\\\/uploads\\\/2019\\\/04\\\/0007-1024x454.jpg\",\"datePublished\":\"2020-01-29T08:42:58+00:00\",\"dateModified\":\"2021-03-18T07:39:49+00:00\",\"inLanguage\":\"pl-PL\",\"potentialAction\":[{\"@type\":\"ReadAction\",\"target\":[\"http:\\\/\\\/wrh.edu.pl\\\/?page_id=1730&lang=en\"]}]},{\"@type\":\"ImageObject\",\"inLanguage\":\"pl-PL\",\"@id\":\"http:\\\/\\\/wrh.edu.pl\\\/?page_id=1730&lang=en#primaryimage\",\"url\":\"https:\\\/\\\/web.archive.org\\\/web\\\/20200920044144im_\\\/http:\\\/\\\/wrh.edu.pl\\\/wp-content\\\/uploads\\\/2019\\\/04\\\/0007-1024x454.jpg\",\"contentUrl\":\"https:\\\/\\\/web.archive.org\\\/web\\\/20200920044144im_\\\/http:\\\/\\\/wrh.edu.pl\\\/wp-content\\\/uploads\\\/2019\\\/04\\\/0007-1024x454.jpg\"},{\"@type\":\"WebSite\",\"@id\":\"http:\\\/\\\/wrh.edu.pl\\\/#website\",\"url\":\"http:\\\/\\\/wrh.edu.pl\\\/\",\"name\":\"Wschodni Rocznik Humanistyczny\",\"description\":\"Czasopismo naukowe\",\"publisher\":{\"@id\":\"http:\\\/\\\/wrh.edu.pl\\\/#organization\"},\"potentialAction\":[{\"@type\":\"SearchAction\",\"target\":{\"@type\":\"EntryPoint\",\"urlTemplate\":\"http:\\\/\\\/wrh.edu.pl\\\/?s={search_term_string}\"},\"query-input\":{\"@type\":\"PropertyValueSpecification\",\"valueRequired\":true,\"valueName\":\"search_term_string\"}}],\"inLanguage\":\"pl-PL\"},{\"@type\":\"Organization\",\"@id\":\"http:\\\/\\\/wrh.edu.pl\\\/#organization\",\"name\":\"Wschodni Rocznik Humanistyczny\",\"url\":\"http:\\\/\\\/wrh.edu.pl\\\/\",\"logo\":{\"@type\":\"ImageObject\",\"inLanguage\":\"pl-PL\",\"@id\":\"http:\\\/\\\/wrh.edu.pl\\\/#\\\/schema\\\/logo\\\/image\\\/\",\"url\":\"http:\\\/\\\/wrh.edu.pl\\\/wp-content\\\/uploads\\\/2017\\\/07\\\/logo_01.jpg\",\"contentUrl\":\"http:\\\/\\\/wrh.edu.pl\\\/wp-content\\\/uploads\\\/2017\\\/07\\\/logo_01.jpg\",\"width\":154,\"height\":183,\"caption\":\"Wschodni Rocznik Humanistyczny\"},\"image\":{\"@id\":\"http:\\\/\\\/wrh.edu.pl\\\/#\\\/schema\\\/logo\\\/image\\\/\"}}]}<\/script>\n<!-- \/ Yoast SEO plugin. -->","yoast_head_json":{"title":"Volume XV (2018), \u2116 3 - Wschodni Rocznik Humanistyczny","robots":{"index":"index","follow":"follow","max-snippet":"max-snippet:-1","max-image-preview":"max-image-preview:large","max-video-preview":"max-video-preview:-1"},"canonical":"http:\/\/wrh.edu.pl\/?page_id=1730&lang=en","og_locale":"pl_PL","og_type":"article","og_title":"Volume XV (2018), \u2116 3 - Wschodni Rocznik Humanistyczny","og_description":"Edit \u00a0 Volume XV (2018), \u2116 3 Edit Belliculum Diplomaticum VII Lublinense \u201cOd pergaminu i papieru do e-Government Strona tytu\u0142owa,\u00a0 spis tre\u015bci Strona redakcji:\u00a0http:\/\/wrh.edu.pl RADA NAUKOWA prof. dr hab. Rolf Fieguth, Uniwersytet we Fryburgu, Szwajcariaprof. dr Oleg Witaljewicz Gorbaczow, Uralski Federalny Uniwersytet, Jekaterynburg, Rosjadr Gediminas Kaz\u0117nas, Mykolas Romeris University, Wilno, Litwadr Jussi Laine, University of [&hellip;]","og_url":"http:\/\/wrh.edu.pl\/?page_id=1730&lang=en","og_site_name":"Wschodni Rocznik Humanistyczny","article_modified_time":"2021-03-18T07:39:49+00:00","og_image":[{"url":"https:\/\/web.archive.org\/web\/20200920044144im_\/http:\/\/wrh.edu.pl\/wp-content\/uploads\/2019\/04\/0007-1024x454.jpg","type":"","width":"","height":""}],"twitter_card":"summary_large_image","twitter_misc":{"Szacowany czas czytania":"7 minut"},"schema":{"@context":"https:\/\/schema.org","@graph":[{"@type":"WebPage","@id":"http:\/\/wrh.edu.pl\/?page_id=1730&lang=en","url":"http:\/\/wrh.edu.pl\/?page_id=1730&lang=en","name":"Volume XV (2018), \u2116 3 - Wschodni Rocznik Humanistyczny","isPartOf":{"@id":"http:\/\/wrh.edu.pl\/#website"},"primaryImageOfPage":{"@id":"http:\/\/wrh.edu.pl\/?page_id=1730&lang=en#primaryimage"},"image":{"@id":"http:\/\/wrh.edu.pl\/?page_id=1730&lang=en#primaryimage"},"thumbnailUrl":"https:\/\/web.archive.org\/web\/20200920044144im_\/http:\/\/wrh.edu.pl\/wp-content\/uploads\/2019\/04\/0007-1024x454.jpg","datePublished":"2020-01-29T08:42:58+00:00","dateModified":"2021-03-18T07:39:49+00:00","inLanguage":"pl-PL","potentialAction":[{"@type":"ReadAction","target":["http:\/\/wrh.edu.pl\/?page_id=1730&lang=en"]}]},{"@type":"ImageObject","inLanguage":"pl-PL","@id":"http:\/\/wrh.edu.pl\/?page_id=1730&lang=en#primaryimage","url":"https:\/\/web.archive.org\/web\/20200920044144im_\/http:\/\/wrh.edu.pl\/wp-content\/uploads\/2019\/04\/0007-1024x454.jpg","contentUrl":"https:\/\/web.archive.org\/web\/20200920044144im_\/http:\/\/wrh.edu.pl\/wp-content\/uploads\/2019\/04\/0007-1024x454.jpg"},{"@type":"WebSite","@id":"http:\/\/wrh.edu.pl\/#website","url":"http:\/\/wrh.edu.pl\/","name":"Wschodni Rocznik Humanistyczny","description":"Czasopismo naukowe","publisher":{"@id":"http:\/\/wrh.edu.pl\/#organization"},"potentialAction":[{"@type":"SearchAction","target":{"@type":"EntryPoint","urlTemplate":"http:\/\/wrh.edu.pl\/?s={search_term_string}"},"query-input":{"@type":"PropertyValueSpecification","valueRequired":true,"valueName":"search_term_string"}}],"inLanguage":"pl-PL"},{"@type":"Organization","@id":"http:\/\/wrh.edu.pl\/#organization","name":"Wschodni Rocznik Humanistyczny","url":"http:\/\/wrh.edu.pl\/","logo":{"@type":"ImageObject","inLanguage":"pl-PL","@id":"http:\/\/wrh.edu.pl\/#\/schema\/logo\/image\/","url":"http:\/\/wrh.edu.pl\/wp-content\/uploads\/2017\/07\/logo_01.jpg","contentUrl":"http:\/\/wrh.edu.pl\/wp-content\/uploads\/2017\/07\/logo_01.jpg","width":154,"height":183,"caption":"Wschodni Rocznik Humanistyczny"},"image":{"@id":"http:\/\/wrh.edu.pl\/#\/schema\/logo\/image\/"}}]}},"_links":{"self":[{"href":"http:\/\/wrh.edu.pl\/index.php?rest_route=\/wp\/v2\/pages\/1730","targetHints":{"allow":["GET"]}}],"collection":[{"href":"http:\/\/wrh.edu.pl\/index.php?rest_route=\/wp\/v2\/pages"}],"about":[{"href":"http:\/\/wrh.edu.pl\/index.php?rest_route=\/wp\/v2\/types\/page"}],"author":[{"embeddable":true,"href":"http:\/\/wrh.edu.pl\/index.php?rest_route=\/wp\/v2\/users\/1"}],"replies":[{"embeddable":true,"href":"http:\/\/wrh.edu.pl\/index.php?rest_route=%2Fwp%2Fv2%2Fcomments&post=1730"}],"version-history":[{"count":6,"href":"http:\/\/wrh.edu.pl\/index.php?rest_route=\/wp\/v2\/pages\/1730\/revisions"}],"predecessor-version":[{"id":2200,"href":"http:\/\/wrh.edu.pl\/index.php?rest_route=\/wp\/v2\/pages\/1730\/revisions\/2200"}],"wp:attachment":[{"href":"http:\/\/wrh.edu.pl\/index.php?rest_route=%2Fwp%2Fv2%2Fmedia&parent=1730"}],"curies":[{"name":"wp","href":"https:\/\/api.w.org\/{rel}","templated":true}]}}