{"id":428,"date":"2017-07-13T08:07:10","date_gmt":"2017-07-13T08:07:10","guid":{"rendered":"http:\/\/wrh.edu.pl\/?page_id=428"},"modified":"2021-10-07T08:05:03","modified_gmt":"2021-10-07T07:05:03","slug":"tom-iii-2006","status":"publish","type":"page","link":"http:\/\/wrh.edu.pl\/?page_id=428","title":{"rendered":"T. III 2006"},"content":{"rendered":"<h1 style=\"text-align: center;\">Wschodni Rocznik Humanistyczny tom III (2006)<\/h1>\n<p><img loading=\"lazy\" decoding=\"async\" class=\"aligncenter wp-image-953 size-medium\" src=\"http:\/\/wrh.edu.pl\/wp-content\/uploads\/2018\/06\/wrh_3_okladka_small-218x300.jpg\" alt=\"\" width=\"218\" height=\"300\" srcset=\"http:\/\/wrh.edu.pl\/wp-content\/uploads\/2018\/06\/wrh_3_okladka_small-218x300.jpg 218w, http:\/\/wrh.edu.pl\/wp-content\/uploads\/2018\/06\/wrh_3_okladka_small.jpg 436w\" sizes=\"auto, (max-width: 218px) 100vw, 218px\" \/><\/p>\n<p style=\"text-align: center;\">SPIS TRE\u015aCI<\/p>\n<h2 style=\"text-align: center;\">STUDIA I ROZPRAWY<\/h2>\n<p>Leszek Pawe\u0142 S\u0142upecki (Instytut Archeologii i Etnologii PAN),\u00a0Dzieje Czerska w XII \u2013 XIV wieku,\u00a0<a href=\"http:\/\/wrh.edu.pl\/wp-content\/uploads\/2017\/07\/01_leszek_slupecki_2006.pdf\">pobierz PDF (7,0 MB)<\/a><\/p>\n<p>S\u0142awomir Baczewski (Uniwersytet Marii Curie-Sk\u0142odowskiej, Lublin),\u00a0Mit pocz\u0105tku i w\u0142adza szlachty. Dyskurs genealogiczno\u2013historyczny w XVII-wiecznych kazaniach pogrzebowych,\u00a0<a href=\"http:\/\/wrh.edu.pl\/wp-content\/uploads\/2017\/07\/02_slawomir_baczewski_2006.pdf\">pobierz PDF (4,2 MB)<\/a><\/p>\n<p>Anna Nowicka-Struska (Uniwersytet Marii Curie-Sk\u0142odowskiej, Lublin),\u00a0Obrazy kobiety i kobiece wzorce osobowe w siedemnastowiecznych kazaniach pogrzebowych autorstwa karmelit\u00f3w bosych,\u00a0<a href=\"http:\/\/wrh.edu.pl\/wp-content\/uploads\/2017\/07\/03_anna_nowicka_2006.pdf\">pobierz PDF (2,7 MB)<\/a><\/p>\n<p>Anatolij Ticho\u0142az (Uniwersytet Rzeszowski),\u00a0Rosyjska \u015bwiadomo\u015b\u0107 historyczna a platonizm,\u00a0<a href=\"http:\/\/wrh.edu.pl\/wp-content\/uploads\/2017\/07\/04_anatolij_ticholaz_2006.pdf\">pobierz PDF (3,9 MB)<\/a><\/p>\n<p>Leszek A. Wierzbicki (Uniwersytet Marii Curie-Sk\u0142odowskiej, Lublin),\u00a0Pos\u0142owie litewscy na sejm nadzwyczajny 1672 roku,\u00a0<a href=\"http:\/\/wrh.edu.pl\/wp-content\/uploads\/2017\/07\/05_leszek_wierzbicki_2006.pdf\">pobierz PDF (1,0 MB)<\/a><\/p>\n<p>Piotr \u0141ugowski,\u00a0Ko\u015bci\u00f3\u0142 \u015bw. Stanis\u0142awa w Siedlcach. Studium historyczno-artystyczne obiektu,\u00a0<a href=\"http:\/\/wrh.edu.pl\/wp-content\/uploads\/2017\/07\/06_piotr_lugowski_2006.pdf\">pobierz PDF (7,1 MB)<\/a><\/p>\n<p>Eligiusz Podolan (Zielona G\u00f3ra),\u00a0Feudalizm rosyjski w socjologicznej i historiozoficznej spu\u015bci\u017anie Aleksandra Hercena,\u00a0<a href=\"http:\/\/wrh.edu.pl\/wp-content\/uploads\/2017\/07\/07_eligiusz_podolan_2006.pdf\">pobierz PDF (1,6 MB)<\/a><\/p>\n<p>ks. Zbigniew Rostkowski (Drohiczyn),\u00a0\u201eHuta Szklana Galicyn\u00f3w\u201d w powiecie w\u0119growskim w latach 1840-1878,\u00a0<a href=\"http:\/\/wrh.edu.pl\/wp-content\/uploads\/2017\/07\/08_zbigniew_rostkowski_2006.pdf\">pobierz PDF (6,3 MB)<\/a><\/p>\n<p>Marek Rutkowski (Wy\u017csza Szko\u0142a Finans\u00f3w i Zarz\u0105dzania w Bia\u0142ymstoku),\u00a0Stosunki handlowe Kr\u00f3lestwa Polskiego z Cesarstwem Rosyjskim oraz Chinami w pocz\u0105tkach ery paskiewiczowskiej,\u00a0<a href=\"http:\/\/wrh.edu.pl\/wp-content\/uploads\/2017\/07\/09_marek_rutkowski_2006.pdf\">pobierz PDF (3,0 MB)<\/a><\/p>\n<p>Marek Wo\u017aniak (Uniwersytet Marii Curie-Sk\u0142odowskiej, Lublin),\u00a0W poszukiwaniu teoretycznych konceptualizacji rewolucji bolszewickiej,\u00a0<a href=\"http:\/\/wrh.edu.pl\/wp-content\/uploads\/2017\/07\/10_marek_wozniak_2006.pdf\">pobierz PDF (4,7 MB)<\/a><\/p>\n<p>Jolanta \u015awiderek (Uniwersytet Marii Curie-Sk\u0142odowskiej w Lublinie),\u00a0Staro\u017cytne koncepcje racjonalizmu a zagadnienie rozumno\u015bci zwierz\u0105t,\u00a0<a href=\"http:\/\/wrh.edu.pl\/wp-content\/uploads\/2017\/07\/11_jolanta_swiderek_2006.pdf\">pobierz PDF (4,5 MB)<\/a><\/p>\n<p>Leszek Gawor (Uniwersytet Rzeszowski),\u00a0Jana Stachniuka wizja spo\u0142ecznego \u015bwiata,\u00a0<a href=\"http:\/\/wrh.edu.pl\/wp-content\/uploads\/2017\/07\/12_leszek_gawor_2006.pdf\">pobierz PDF (5,2 MB)<\/a><\/p>\n<p>Aleksander Smoli\u0144ski (Uniwersytet Miko\u0142aja Kopernika w Toruniu),\u00a0Oddzia\u0142 II \u2013i Sztabu G\u0142\u00f3wnego Naczelnego Dow\u00f3dztwa Wojska Polskiego,\u00a0<a href=\"http:\/\/wrh.edu.pl\/wp-content\/uploads\/2017\/07\/13_aleksander_smolinski_2006.pdf\">pobierz PDF (5,3 MB)<\/a><\/p>\n<p>ks. Edward Walewander (Katolicki Uniwersytet Lubelski),\u00a0Parafia i jej oddzia\u0142ywania na oblicze moralne spo\u0142ecze\u0144stwa polskiego w latach 1918 \u2013 1939 na przyk\u0142adzie diecezji lubelskiej,\u00a0<a href=\"http:\/\/wrh.edu.pl\/wp-content\/uploads\/2017\/07\/14_edward_walewander_2006.pdf\">pobierz PDF (1,6 MB)<\/a><\/p>\n<p>Mariusz Nowak (Akademia \u015awi\u0119tokrzyska w Kielcach),\u00a0Antyziemia\u0144skie elementy w radzieckiej propagandzie jako przejaw manipulacji postawami spo\u0142eczno\u2013politycznymi polskiej spo\u0142eczno\u015bci kresowej w okresie kampanii wrze\u015bniowej oraz w pierwszych tygodniach po podboju (IX \u2013 XI 1939 r.). Pr\u00f3ba zarysowania problemu,\u00a0<a href=\"http:\/\/wrh.edu.pl\/wp-content\/uploads\/2017\/07\/15_mariusz_nowak_2006.pdf\">pobierz PDF (4,0 MB)<\/a><\/p>\n<p>Wies\u0142aw Charczuk (Siedlce),\u00a0Dzia\u0142alno\u015b\u0107 radzieckiego aparatu bezpiecze\u0144stwa i kontrwywiadu(NKWD i Smiersz) przeciwko podziemiu niepodleg\u0142o\u015bciowemu na Podlasiu i wschodnim Mazowszu lipiec 1944 \u2013 grudzie\u0144 1945,\u00a0<a href=\"http:\/\/wrh.edu.pl\/wp-content\/uploads\/2017\/07\/16_wieslaw_charczuk_2006.pdf\">pobierz PDF (5,0 MB)<\/a><\/p>\n<h2 style=\"text-align: center;\">\u0179R\u00d3D\u0141A I MATERIA\u0141Y<\/h2>\n<p>Leszek Pawe\u0142 S\u0142upecki, Jacek Soszy\u0144ski,\u00a0Dwie lokacje miasta Czerska w XIV wieku,\u00a0<a href=\"http:\/\/wrh.edu.pl\/wp-content\/uploads\/2017\/07\/17_slupecki_soszynski_2006.pdf\">pobierz PDF (1,4 MB)<\/a><\/p>\n<p>Marek Konstankiewicz (Archiwum Pa\u0144stwowe w Lublinie),\u00a0Kresy wschodnie w sprawozdaniach starost\u00f3w wojew\u00f3dztwa lubelskiego &#8211; uczestnik\u00f3w wycieczek instrukcyjnych z lat 1928 \u2013 1930,\u00a0<a href=\"http:\/\/wrh.edu.pl\/wp-content\/uploads\/2017\/07\/18_marek_konstankiewicz_2006.pdf\">pobierz PDF (2,3 MB)<\/a><\/p>\n<p>Dariusz Magier (Archiwum Pa\u0144stwowe w Lublinie),\u00a0Archiwum Komitetu Okr\u0119gowego Komunistycznej Partii Polski w Siedlcach (1926-1929),\u00a0<a href=\"http:\/\/wrh.edu.pl\/wp-content\/uploads\/2017\/07\/19_dariusz_magier_2006.pdf\">pobierz PDF (5,2 MB)<\/a><\/p>\n<p>Piotr Boro\u0144, Daniel Delik (Lublin),\u00a0Okupacyjnej Izbicy dzie\u0144 powszedni we wspomnieniach jej mieszka\u0144ca,\u00a0<a href=\"http:\/\/wrh.edu.pl\/wp-content\/uploads\/2017\/07\/20_boron_delik_2006.pdf\">pobierz PDF (1,9 MB)<\/a><\/p>\n<h2 style=\"text-align: center;\">POLEMIKI, RECENZJE, OM\u00d3WIENIA<\/h2>\n<p>Marek Wagner (Akademia Podlaska, Siedlce),\u00a0Leszek A. Wierzbicki, O zgod\u0119 w Rzeczypospolitej. Zjazd warszawski i sejm pacyfikacyjny 1673 roku, wyd. UMCS, Lublin 2005, ss. 328,\u00a0<a href=\"http:\/\/wrh.edu.pl\/wp-content\/uploads\/2017\/07\/21_marek_wagner_2006.pdf\">pobierz PDF (0,8 MB)<\/a><\/p>\n<p>Dorota Wereda (Akademia Podlaska, Siedlce),\u00a0Sprawozdanie z konferencji naukowej pt. \u201eNad spo\u0142ecze\u0144stwem staropolskim. Kultura, instytucje i struktury spo\u0142eczne w XVI-XVIII stuleciu\u201d, Bia\u0142ystok 12 &#8211; 13 pa\u017adziernika 2005 r.,\u00a0<a href=\"http:\/\/wrh.edu.pl\/wp-content\/uploads\/2017\/07\/22_dorota_wereda_2006.pdf\">pobierz PDF (0,8 MB)<\/a><\/p>\n<p>Maciej Ulita (Uniwersytet Marii Curie-Sk\u0142odowskiej, Lublin),\u00a0Leszek Gawor, Polska my\u015bl historiozoficzna I po\u0142owy XX wieku.Analiza wybranych pogl\u0105d\u00f3w, Wydawnictwo Uniwersytetu Rzeszowskiego, Rzesz\u00f3w 2005, ss. 243,\u00a0<a href=\"http:\/\/wrh.edu.pl\/wp-content\/uploads\/2017\/07\/23_maciej_ulita_2006.pdf\">pobierz PDF (0,6 MB)<\/a><\/p>\n<p>Aleksandra Stachula (Lublin),\u00a0Gitta Sereny, W stron\u0119 ciemno\u015bci. Rozmowy z komendantem Treblinki, wyd. Cyklady 2002, ss. 328,\u00a0<a href=\"http:\/\/wrh.edu.pl\/wp-content\/uploads\/2017\/07\/24_aleksandra_stachula_2006.pdf\">pobierz PDF (0,6 MB)<\/a><\/p>\n<p>Aleksandra Stachula (Lublin),\u00a0Edwin Black, Wojna przeciwko s\u0142abym. Eugenika i ameryka\u0144ska kampania na rzecz stworzenia rasy pan\u00f3w, prze\u0142. Hanna Jankowska,wyd. Muza S.A., Warszawa 2004, ss. 704,\u00a0<a href=\"http:\/\/wrh.edu.pl\/wp-content\/uploads\/2017\/07\/25_aleksandra_stachula_2006.pdf\">pobierz PDF (0,6 MB)<\/a><\/p>\n<p>Ryszard Polak (Akademia Podlaska, Siedlce),\u00a0Katarzyna Kalinowska, Jacek Woroniecki o spo\u0142ecze\u0144stwie i pa\u0144stwie, wyd. Fundacja Servire Veritati Instytut Edukacji Narodowej, Lublin 2005, ss. 248,\u00a0<a href=\"http:\/\/wrh.edu.pl\/wp-content\/uploads\/2017\/07\/26_ryszard_polak_2006.pdf\">pobierz PDF (2,4 MB)<\/a><\/p>\n<p>Dariusz Magier (Akademia Podlaska, Siedlce),\u00a0Zofia Leszczy\u0144ska, Prokuratorzy i s\u0119dziowie lubelskich s\u0105d\u00f3w wojskowych 1944-1955, wyd. Norbertinum, Lublin 2005, ss. 385,\u00a0<a href=\"http:\/\/wrh.edu.pl\/wp-content\/uploads\/2017\/07\/27_dariusz_magier_2006.pdf\">pobierz PDF (0,7 MB)<\/a><\/p>\n<p>Kinga Czerwi\u0144ska (Uniwersytet \u015al\u0105ski, filia w Cieszynie),\u00a0Blisko, a tak daleko. Polacy w obwodzie brzeskim na Bia\u0142orusi,red. nauk. Adam Bobryk, Siedleckie Towarzystwo Naukowe,Stowarzyszenie \u201eWsp\u00f3lnota Polska\u201d, oddzia\u0142 w Siedlcach,Warszawa 2004, ss. 307,\u00a0<a href=\"http:\/\/wrh.edu.pl\/wp-content\/uploads\/2017\/07\/28_kinga_czerwinska_2006.pdf\">pobierz PDF (0,6 MB)<\/a><\/p>\n<p>Piotr Boro\u0144 (Lublin),\u00a0J\u00f3zef Adamski, Oddalonym lecz bliskim sercu. Wspomnienia z lat 1979 \u2013 2005, Fundacja Pomocy Szko\u0142om Polskim na Wschodzie im. T. Goniewicza, Lublin 2005, ss. 190,\u00a0<a href=\"http:\/\/wrh.edu.pl\/wp-content\/uploads\/2017\/07\/29_piotr_boron_2006.pdf\">pobierz PDF (1,1 MB)<\/a><\/p>\n<p>Krzysztof Bochenek (Uniwersytet Rzeszowski),\u00a0Werner Beierwaltes, Platonizm w chrze\u015bcija\u0144stwie, t\u0142um. Piotr Doma\u0144ski, wyd. Antyk, K\u0119ty 2003, ss. 207,\u00a0<a href=\"http:\/\/wrh.edu.pl\/wp-content\/uploads\/2017\/07\/30_krzysztof_bochenek_2006.pdf\">pobierz PDF (0,9 MB)<\/a><\/p>\n<p>Adam Bobryk (Akademia Podlaska, Siedlce),\u00a0Janusz Maria\u0144ski, Religijno\u015b\u0107 spo\u0142ecze\u0144stwa polskiego w perspektywie europejskiej. Pr\u00f3ba syntezy socjologicznej, Zak\u0142ad Wydawniczy \u201eNo-mos\u201d, Krak\u00f3w 2004, ss. 481,\u00a0<a href=\"http:\/\/wrh.edu.pl\/wp-content\/uploads\/2017\/07\/31_adam_bobryk_2006.pdf\">pobierz PDF (1,0 MB)<\/a><\/p>\n<p style=\"text-align: center;\"><strong>Zrealizowano ze \u015brodk\u00f3w Ministra Kultury i Dziedzictwa Narodowego<br \/>\nw ramach programu operacyjnego PROMOCJA CZYTELNICTWA<\/strong><\/p>\n","protected":false},"excerpt":{"rendered":"<p>Wschodni Rocznik Humanistyczny tom III (2006) SPIS TRE\u015aCI STUDIA I ROZPRAWY Leszek Pawe\u0142 S\u0142upecki (Instytut Archeologii i Etnologii PAN),\u00a0Dzieje Czerska w XII \u2013 XIV wieku,\u00a0pobierz PDF (7,0 MB) S\u0142awomir Baczewski (Uniwersytet Marii Curie-Sk\u0142odowskiej, Lublin),\u00a0Mit pocz\u0105tku i w\u0142adza szlachty. Dyskurs genealogiczno\u2013historyczny w XVII-wiecznych kazaniach pogrzebowych,\u00a0pobierz PDF (4,2 MB) Anna Nowicka-Struska (Uniwersytet Marii Curie-Sk\u0142odowskiej, Lublin),\u00a0Obrazy kobiety i [&hellip;]<\/p>\n","protected":false},"author":1,"featured_media":0,"parent":0,"menu_order":9,"comment_status":"closed","ping_status":"closed","template":"","meta":{"footnotes":""},"class_list":["post-428","page","type-page","status-publish","hentry"],"yoast_head":"<!-- This site is optimized with the Yoast SEO plugin v27.4 - https:\/\/yoast.com\/product\/yoast-seo-wordpress\/ -->\n<title>T. III 2006 - Wschodni Rocznik Humanistyczny<\/title>\n<meta name=\"robots\" content=\"index, follow, max-snippet:-1, max-image-preview:large, max-video-preview:-1\" \/>\n<link rel=\"canonical\" href=\"http:\/\/wrh.edu.pl\/?page_id=428\" \/>\n<meta property=\"og:locale\" content=\"pl_PL\" \/>\n<meta property=\"og:type\" content=\"article\" \/>\n<meta property=\"og:title\" content=\"T. III 2006 - Wschodni Rocznik Humanistyczny\" \/>\n<meta property=\"og:description\" content=\"Wschodni Rocznik Humanistyczny tom III (2006) SPIS TRE\u015aCI STUDIA I ROZPRAWY Leszek Pawe\u0142 S\u0142upecki (Instytut Archeologii i Etnologii PAN),\u00a0Dzieje Czerska w XII \u2013 XIV wieku,\u00a0pobierz PDF (7,0 MB) S\u0142awomir Baczewski (Uniwersytet Marii Curie-Sk\u0142odowskiej, Lublin),\u00a0Mit pocz\u0105tku i w\u0142adza szlachty. Dyskurs genealogiczno\u2013historyczny w XVII-wiecznych kazaniach pogrzebowych,\u00a0pobierz PDF (4,2 MB) Anna Nowicka-Struska (Uniwersytet Marii Curie-Sk\u0142odowskiej, Lublin),\u00a0Obrazy kobiety i [&hellip;]\" \/>\n<meta property=\"og:url\" content=\"http:\/\/wrh.edu.pl\/?page_id=428\" \/>\n<meta property=\"og:site_name\" content=\"Wschodni Rocznik Humanistyczny\" \/>\n<meta property=\"article:modified_time\" content=\"2021-10-07T07:05:03+00:00\" \/>\n<meta property=\"og:image\" content=\"http:\/\/wrh.edu.pl\/wp-content\/uploads\/2018\/06\/wrh_3_okladka_small-218x300.jpg\" \/>\n<meta name=\"twitter:card\" content=\"summary_large_image\" \/>\n<meta name=\"twitter:label1\" content=\"Szacowany czas czytania\" \/>\n\t<meta name=\"twitter:data1\" content=\"4 minuty\" \/>\n<script type=\"application\/ld+json\" class=\"yoast-schema-graph\">{\"@context\":\"https:\\\/\\\/schema.org\",\"@graph\":[{\"@type\":\"WebPage\",\"@id\":\"http:\\\/\\\/wrh.edu.pl\\\/?page_id=428\",\"url\":\"http:\\\/\\\/wrh.edu.pl\\\/?page_id=428\",\"name\":\"T. III 2006 - Wschodni Rocznik Humanistyczny\",\"isPartOf\":{\"@id\":\"http:\\\/\\\/wrh.edu.pl\\\/#website\"},\"primaryImageOfPage\":{\"@id\":\"http:\\\/\\\/wrh.edu.pl\\\/?page_id=428#primaryimage\"},\"image\":{\"@id\":\"http:\\\/\\\/wrh.edu.pl\\\/?page_id=428#primaryimage\"},\"thumbnailUrl\":\"http:\\\/\\\/wrh.edu.pl\\\/wp-content\\\/uploads\\\/2018\\\/06\\\/wrh_3_okladka_small-218x300.jpg\",\"datePublished\":\"2017-07-13T08:07:10+00:00\",\"dateModified\":\"2021-10-07T07:05:03+00:00\",\"inLanguage\":\"pl-PL\",\"potentialAction\":[{\"@type\":\"ReadAction\",\"target\":[\"http:\\\/\\\/wrh.edu.pl\\\/?page_id=428\"]}]},{\"@type\":\"ImageObject\",\"inLanguage\":\"pl-PL\",\"@id\":\"http:\\\/\\\/wrh.edu.pl\\\/?page_id=428#primaryimage\",\"url\":\"http:\\\/\\\/wrh.edu.pl\\\/wp-content\\\/uploads\\\/2018\\\/06\\\/wrh_3_okladka_small.jpg\",\"contentUrl\":\"http:\\\/\\\/wrh.edu.pl\\\/wp-content\\\/uploads\\\/2018\\\/06\\\/wrh_3_okladka_small.jpg\",\"width\":436,\"height\":600},{\"@type\":\"WebSite\",\"@id\":\"http:\\\/\\\/wrh.edu.pl\\\/#website\",\"url\":\"http:\\\/\\\/wrh.edu.pl\\\/\",\"name\":\"Wschodni Rocznik Humanistyczny\",\"description\":\"Czasopismo naukowe\",\"publisher\":{\"@id\":\"http:\\\/\\\/wrh.edu.pl\\\/#organization\"},\"potentialAction\":[{\"@type\":\"SearchAction\",\"target\":{\"@type\":\"EntryPoint\",\"urlTemplate\":\"http:\\\/\\\/wrh.edu.pl\\\/?s={search_term_string}\"},\"query-input\":{\"@type\":\"PropertyValueSpecification\",\"valueRequired\":true,\"valueName\":\"search_term_string\"}}],\"inLanguage\":\"pl-PL\"},{\"@type\":\"Organization\",\"@id\":\"http:\\\/\\\/wrh.edu.pl\\\/#organization\",\"name\":\"Wschodni Rocznik Humanistyczny\",\"url\":\"http:\\\/\\\/wrh.edu.pl\\\/\",\"logo\":{\"@type\":\"ImageObject\",\"inLanguage\":\"pl-PL\",\"@id\":\"http:\\\/\\\/wrh.edu.pl\\\/#\\\/schema\\\/logo\\\/image\\\/\",\"url\":\"http:\\\/\\\/wrh.edu.pl\\\/wp-content\\\/uploads\\\/2017\\\/07\\\/logo_01.jpg\",\"contentUrl\":\"http:\\\/\\\/wrh.edu.pl\\\/wp-content\\\/uploads\\\/2017\\\/07\\\/logo_01.jpg\",\"width\":154,\"height\":183,\"caption\":\"Wschodni Rocznik Humanistyczny\"},\"image\":{\"@id\":\"http:\\\/\\\/wrh.edu.pl\\\/#\\\/schema\\\/logo\\\/image\\\/\"}}]}<\/script>\n<!-- \/ Yoast SEO plugin. -->","yoast_head_json":{"title":"T. III 2006 - Wschodni Rocznik Humanistyczny","robots":{"index":"index","follow":"follow","max-snippet":"max-snippet:-1","max-image-preview":"max-image-preview:large","max-video-preview":"max-video-preview:-1"},"canonical":"http:\/\/wrh.edu.pl\/?page_id=428","og_locale":"pl_PL","og_type":"article","og_title":"T. III 2006 - Wschodni Rocznik Humanistyczny","og_description":"Wschodni Rocznik Humanistyczny tom III (2006) SPIS TRE\u015aCI STUDIA I ROZPRAWY Leszek Pawe\u0142 S\u0142upecki (Instytut Archeologii i Etnologii PAN),\u00a0Dzieje Czerska w XII \u2013 XIV wieku,\u00a0pobierz PDF (7,0 MB) S\u0142awomir Baczewski (Uniwersytet Marii Curie-Sk\u0142odowskiej, Lublin),\u00a0Mit pocz\u0105tku i w\u0142adza szlachty. Dyskurs genealogiczno\u2013historyczny w XVII-wiecznych kazaniach pogrzebowych,\u00a0pobierz PDF (4,2 MB) Anna Nowicka-Struska (Uniwersytet Marii Curie-Sk\u0142odowskiej, Lublin),\u00a0Obrazy kobiety i [&hellip;]","og_url":"http:\/\/wrh.edu.pl\/?page_id=428","og_site_name":"Wschodni Rocznik Humanistyczny","article_modified_time":"2021-10-07T07:05:03+00:00","og_image":[{"url":"http:\/\/wrh.edu.pl\/wp-content\/uploads\/2018\/06\/wrh_3_okladka_small-218x300.jpg","type":"","width":"","height":""}],"twitter_card":"summary_large_image","twitter_misc":{"Szacowany czas czytania":"4 minuty"},"schema":{"@context":"https:\/\/schema.org","@graph":[{"@type":"WebPage","@id":"http:\/\/wrh.edu.pl\/?page_id=428","url":"http:\/\/wrh.edu.pl\/?page_id=428","name":"T. III 2006 - Wschodni Rocznik Humanistyczny","isPartOf":{"@id":"http:\/\/wrh.edu.pl\/#website"},"primaryImageOfPage":{"@id":"http:\/\/wrh.edu.pl\/?page_id=428#primaryimage"},"image":{"@id":"http:\/\/wrh.edu.pl\/?page_id=428#primaryimage"},"thumbnailUrl":"http:\/\/wrh.edu.pl\/wp-content\/uploads\/2018\/06\/wrh_3_okladka_small-218x300.jpg","datePublished":"2017-07-13T08:07:10+00:00","dateModified":"2021-10-07T07:05:03+00:00","inLanguage":"pl-PL","potentialAction":[{"@type":"ReadAction","target":["http:\/\/wrh.edu.pl\/?page_id=428"]}]},{"@type":"ImageObject","inLanguage":"pl-PL","@id":"http:\/\/wrh.edu.pl\/?page_id=428#primaryimage","url":"http:\/\/wrh.edu.pl\/wp-content\/uploads\/2018\/06\/wrh_3_okladka_small.jpg","contentUrl":"http:\/\/wrh.edu.pl\/wp-content\/uploads\/2018\/06\/wrh_3_okladka_small.jpg","width":436,"height":600},{"@type":"WebSite","@id":"http:\/\/wrh.edu.pl\/#website","url":"http:\/\/wrh.edu.pl\/","name":"Wschodni Rocznik Humanistyczny","description":"Czasopismo naukowe","publisher":{"@id":"http:\/\/wrh.edu.pl\/#organization"},"potentialAction":[{"@type":"SearchAction","target":{"@type":"EntryPoint","urlTemplate":"http:\/\/wrh.edu.pl\/?s={search_term_string}"},"query-input":{"@type":"PropertyValueSpecification","valueRequired":true,"valueName":"search_term_string"}}],"inLanguage":"pl-PL"},{"@type":"Organization","@id":"http:\/\/wrh.edu.pl\/#organization","name":"Wschodni Rocznik Humanistyczny","url":"http:\/\/wrh.edu.pl\/","logo":{"@type":"ImageObject","inLanguage":"pl-PL","@id":"http:\/\/wrh.edu.pl\/#\/schema\/logo\/image\/","url":"http:\/\/wrh.edu.pl\/wp-content\/uploads\/2017\/07\/logo_01.jpg","contentUrl":"http:\/\/wrh.edu.pl\/wp-content\/uploads\/2017\/07\/logo_01.jpg","width":154,"height":183,"caption":"Wschodni Rocznik Humanistyczny"},"image":{"@id":"http:\/\/wrh.edu.pl\/#\/schema\/logo\/image\/"}}]}},"_links":{"self":[{"href":"http:\/\/wrh.edu.pl\/index.php?rest_route=\/wp\/v2\/pages\/428","targetHints":{"allow":["GET"]}}],"collection":[{"href":"http:\/\/wrh.edu.pl\/index.php?rest_route=\/wp\/v2\/pages"}],"about":[{"href":"http:\/\/wrh.edu.pl\/index.php?rest_route=\/wp\/v2\/types\/page"}],"author":[{"embeddable":true,"href":"http:\/\/wrh.edu.pl\/index.php?rest_route=\/wp\/v2\/users\/1"}],"replies":[{"embeddable":true,"href":"http:\/\/wrh.edu.pl\/index.php?rest_route=%2Fwp%2Fv2%2Fcomments&post=428"}],"version-history":[{"count":5,"href":"http:\/\/wrh.edu.pl\/index.php?rest_route=\/wp\/v2\/pages\/428\/revisions"}],"predecessor-version":[{"id":2480,"href":"http:\/\/wrh.edu.pl\/index.php?rest_route=\/wp\/v2\/pages\/428\/revisions\/2480"}],"wp:attachment":[{"href":"http:\/\/wrh.edu.pl\/index.php?rest_route=%2Fwp%2Fv2%2Fmedia&parent=428"}],"curies":[{"name":"wp","href":"https:\/\/api.w.org\/{rel}","templated":true}]}}