{"id":432,"date":"2017-07-13T08:07:58","date_gmt":"2017-07-13T08:07:58","guid":{"rendered":"http:\/\/wrh.edu.pl\/?page_id=432"},"modified":"2021-10-07T08:04:16","modified_gmt":"2021-10-07T07:04:16","slug":"tom-i-2004","status":"publish","type":"page","link":"http:\/\/wrh.edu.pl\/?page_id=432","title":{"rendered":"T. I 2004"},"content":{"rendered":"<h1 style=\"text-align: center;\">Wschodni Rocznik Humanistyczny, tom I (2004)<img loading=\"lazy\" decoding=\"async\" class=\"wp-image-946 size-full aligncenter\" src=\"http:\/\/wrh.edu.pl\/wp-content\/uploads\/2018\/06\/Kartusz-herbowy-1.jpg\" alt=\"\" width=\"330\" height=\"311\" srcset=\"http:\/\/wrh.edu.pl\/wp-content\/uploads\/2018\/06\/Kartusz-herbowy-1.jpg 330w, http:\/\/wrh.edu.pl\/wp-content\/uploads\/2018\/06\/Kartusz-herbowy-1-300x283.jpg 300w\" sizes=\"auto, (max-width: 330px) 100vw, 330px\" \/><\/h1>\n<p style=\"text-align: justify;\">\u0141amy naszego czasopisma otwarte s\u0105 dla prac z zakresu nauk humanistycznych. Tak szeroka podstawa programowa zrazu mo\u017ce wydawa\u0107 si\u0119 b\u0142\u0119dem. Jednak zwa\u017cywszy na znaczn\u0105 hermetyzacj\u0119 periodyk\u00f3w poszczeg\u00f3lnych dyscyplin postanowili\u015bmy podj\u0105\u0107 pr\u00f3b\u0119 odbudowywania wsp\u00f3lnej przecie\u017c platformy nauki humanistycznej. Takie podej\u015bcie spotka\u0142o si\u0119 z czasem wr\u0119cz entuzjastyczn\u0105 reakcj\u0105 filozof\u00f3w i historyk\u00f3w literatury. Nasze za\u0142o\u017cenia okaza\u0142y si\u0119 wi\u0119c trafne.<br \/>\nNa \u0142amach periodyku pragniemy odtwarza\u0107 spu\u015bcizn\u0119 kulturow\u0105 I Rzeczypospolitej oraz p\u00f3\u017aniejsze dzieje ziem w jej sk\u0142ad wchodz\u0105cych. Szczeg\u00f3lnie zainteresowani jeste\u015bmy jej wschodnimi obszarami w rozumieniu \u00f3wczesnym i dzisiejszym.<br \/>\nW odniesieniu do uk\u0142adu Wschodniego Rocznika Humanistycznego zdecydowano si\u0119 nie nadawa\u0107 podzia\u0142u na bloki poszczeg\u00f3lnych dyscyplin naukowych, st\u0105d artyku\u0142y historyczne bezpo\u015brednio s\u0105siaduj\u0105 z tekstami z zakresu nauk pomocniczych historii, filozofii, socjologii, ekonomii, filologii etc. Tematyka i zakres poszczeg\u00f3lnych prac jest zr\u00f3\u017cnicowana. Obok autor\u00f3w o ugruntowanej pozycji i dorobku naukowym na \u0142amach Rocznika publikujemy r\u00f3wnie\u017c prace badaczy m\u0142odego pokolenia.<br \/>\nWRH powstaje w ramach aktywno\u015bci Instytutu Badawczego libra stanowi\u0105cego cz\u0119\u015b\u0107 RASIL. Jednak nie ogranicza si\u0119 do zagadnie\u0144 lokalnych. Wr\u0119cz przeciwnie. Uznajemy, \u017ce promowanie Radzynia Podlaskiego oraz Regionu lubelskiego i Po\u0142udniowego Podlasia mo\u017ce si\u0119 odbywa\u0107 jeszcze skuteczniej poprzez wydawnictwa skierowane do odbiorc\u00f3w kultury wy\u017cszej w ca\u0142ym kraju i za granic\u0105. \u017be takie za\u0142o\u017cenia s\u0105 skuteczne \u015bwiadczy rozszerzaj\u0105cy si\u0119 kr\u0105g autor\u00f3w oraz docieraj\u0105ce do nas g\u0142osy niemal\u017ce zdziwienia, \u017ce taka inicjatywa odnios\u0142a sukces w\u0142a\u015bnie w Radzyniu?! Jednym s\u0142owem Radzy\u0144 by\u0107 mo\u017ce nie zaistnia\u0142 w \u015bwiecie nauk humanistycznych dzi\u0119ki WRH ale z pewno\u015bci\u0105 dzi\u0119ki niemu jest w nim stale obecny.<br \/>\nWRH podobnie jak i RRH ukazuje si\u0119 dzi\u0119ki w pe\u0142ni spo\u0142ecznej pracy kilku os\u00f3b. Koszty funkcjonowania obejmuj\u0105 jedynie druk, sk\u0142ad i t\u0142umaczenia. W por\u00f3wnaniu np. do wydawnictwa UMCS nasze koszty s\u0105 czterokrotnie ni\u017csze. Mimo to zgromadzenie nawet skromnych funduszy jest znacznym problemem.<br \/>\nWRH bazuje na aktywno\u015bci naukowej pracownik\u00f3w wydzia\u0142\u00f3w humanistycznych g\u0142ownie UMCS, AP w Siedlcach. Odzwierciedla to sk\u0142ad rady redakcyjnej WRH:<br \/>\nJM ks. Hieronim Fokci\u0144ski SJ, rektor Papieskiego Instytutu Studi\u00f3w Ko\u015bcielnych w Rzymie<br \/>\ndr Urszula G\u0142owacka-Maksymiuk, dyrektor Archiwum Pa\u0144stwowego w Siedlcach<br \/>\nprof. dr hab. Albin Koprukowniak, IH UMCS<br \/>\nprof. dr hab. Artur Korobowicz, Wydzia\u0142 Prawa i Administracji UMCS<br \/>\ndr Janusz Nowak, Kierownik Archiwum i Zbioru R\u0119kopis\u00f3w Biblioteki xx Czartoryskich w Krakowie<br \/>\nprof. dr hab. Miros\u0142aw Piotrowski, europose\u0142, KUL<br \/>\ndr hab. Marek Plewczy\u0144ski, prof. AP w Siedlcach<br \/>\ndr hab. Krzysztof Skupie\u0144ski, prof. UMCS<br \/>\ndr Maria Starnawska, AP w Siedlcach<br \/>\ndr hab. Tadeusz M. Trajdos, prof. MWSHP w \u0141owiczu<br \/>\ndr hab. Marek Wagner, prof. AP w Siedlcach<\/p>\n<p style=\"text-align: justify;\">Kolejny tom WRH, kt\u00f3rego druk jest na uko\u0144czeniu uka\u017ce si\u0119 pod patronatem Wydzia\u0142u Humanistycznego UMCS \u2013 traktujemy to jako wyraz uznania dla naszej dzia\u0142alno\u015bci. Na najbli\u017cszym posiedzeniu Rady redakcja zamierza zaproponowa\u0107 dokooptowanie jeszcze dw\u00f3ch cz\u0142onk\u00f3w reprezentuj\u0105cych filozofi\u0119 i histori\u0119 literatury. W ten spos\u00f3b sk\u0142ad rady w wi\u0119kszym ni\u017c dotychczas stopniu odzwierciedla\u0142by program naszego periodyku.<br \/>\nGrono os\u00f3b dzia\u0142aj\u0105cych na rzecz WRH, cz\u0142onk\u00f3w rady redakcyjnej, os\u00f3b \u017cyczliwych w Radzyniu, Siedlcach i Lublinie oraz samej redakcji ma nadziej\u0119, \u017ce nasza inicjatywa spotka si\u0119 ze zrozumieniem i wsparciem, kt\u00f3re pozwoli nam na dalsz\u0105 dzia\u0142alno\u015b\u0107.<\/p>\n<h1 style=\"text-align: center;\">SPIS TRE\u015aCI<\/h1>\n<h2 style=\"text-align: center;\">ARTYKU\u0141Y<\/h2>\n<p>ANDRZEJ ROZWA\u0141KA,\u00a0Radzy\u0144 i okolice w pradziejach, \u015bredniowieczu i okresie nowo\u017cytnym w \u015bwietle \u017ar\u00f3de\u0142 archeologicznych,\u00a0<a href=\"http:\/\/wrh.edu.pl\/wp-content\/uploads\/2017\/07\/01_andrzej_rozwalka_2004.pdf\">pobierz PDF (3,1 MB)<\/a><\/p>\n<p>JAROS\u0141AW STOLICKI,\u00a0Sejmiki ziem Podola i Ukrainy wobec wojny z Port\u0105 w latach 1672-1676,\u00a0<a href=\"http:\/\/wrh.edu.pl\/wp-content\/uploads\/2017\/07\/02_jaroslaw_stolicki_2004.pdf\">pobierz PDF (1,7 MB)<\/a><\/p>\n<p>DOROTA WEREDA,\u00a0Diariusz podr\u00f3\u017cy Stanis\u0142awa Samuela Szemiota,\u00a0<a href=\"http:\/\/wrh.edu.pl\/wp-content\/uploads\/2017\/07\/03_dorota_wereda_2004.pdf\">pobierz PDF (1,5 MB)<\/a><\/p>\n<p>MAREK WAGNER,\u00a0Ob\u00f3z wojsk koronnych pod Brac\u0142awiem w latach 1791-1792,\u00a0<a href=\"http:\/\/wrh.edu.pl\/wp-content\/uploads\/2017\/07\/04_marek_wagner_2004.pdf\">pobierz PDF (1,8 MB)<\/a><\/p>\n<p>DARIUSZ ROLNIK,\u00a0Postawy szlachty litewskiej wobec konfederacji targowickiej,\u00a0<a href=\"http:\/\/wrh.edu.pl\/wp-content\/uploads\/2017\/07\/05_dariusz_rolnik_2004.pdf\">pobierz PDF (3,7 MB)<\/a><\/p>\n<p>MIROS\u0141AW ROGUSKI,\u00a0Dzia\u0142alno\u015b\u0107 Deputacji Komisji Porz\u0105dkowej Ziemi Liwskiej w 1794 roku,\u00a0<a href=\"http:\/\/wrh.edu.pl\/wp-content\/uploads\/2017\/07\/06_miroslaw_roguski_2004.pdf\">pobierz PDF (2,3 MB)<\/a><\/p>\n<p>ARTUR G\u00d3RAK,\u00a0Geneza rosyjskiego systemu kancelaryjnego akt spraw,\u00a0<a href=\"http:\/\/wrh.edu.pl\/wp-content\/uploads\/2017\/07\/07_artur_gorak_2004.pdf\">pobierz PDF (3,1 MB)<\/a><\/p>\n<p>SEBASTIAN PI\u0104TKOWSKI,\u00a0Ma\u0142achowscy herbu Na\u0142\u0119cz jako nabywcy i dzier\u017cawcy d\u00f3br skarbowych na Podlasiu w pierwszej po\u0142owie XIX wieku,\u00a0<a href=\"http:\/\/wrh.edu.pl\/wp-content\/uploads\/2017\/07\/08_sebastian_piatkowski_2004.pdf\">pobierz PDF (1,5 MB)<\/a><\/p>\n<p>HELENA KIVAKO,\u00a0Znaczenie \u015bwiata rzeczy w strukturze dramat\u00f3w Gabrieli Zapolskiej i Maksyma Gorkiego,\u00a0<a href=\"http:\/\/wrh.edu.pl\/wp-content\/uploads\/2017\/07\/09_helena_kivako_2004.pdf\">pobierz PDF (0,8 MB)<\/a><\/p>\n<p>KRZYSZTOF LATAWIEC,\u00a0Ewakuacja cywilnej administracji og\u00f3lnej szczebla powiatowego z guberni lubelskiej latem 1915 roku,\u00a0<a href=\"http:\/\/wrh.edu.pl\/wp-content\/uploads\/2017\/07\/10_krzysztof_latawiec_2004.pdf\">pobierz PDF (2,1 MB)<\/a><\/p>\n<p>ALEKSANDER SMOLI\u0143SKI,\u00a0Jazda i artyleria konna Dywizji Litewsko-Bia\u0142oruskiej oraz Grupy Poleskiej, a nast\u0119pnie Frontu Litewsko-Bia\u0142oruskiego (luty &#8211; pocz\u0105tek lipca 1919 r.),\u00a0<a href=\"http:\/\/wrh.edu.pl\/wp-content\/uploads\/2017\/07\/11_aleksander_smolinski_2004.pdf\">pobierz PDF (3,0 MB)<\/a><\/p>\n<p>S\u0141AWOMIR MA\u0143KO,\u00a0Stosunki ludno\u015bciowe i rozw\u00f3j Mi\u0119dzyrzeca Podlaskiego w okresie II Rzeczypospolitej,\u00a0<a href=\"http:\/\/wrh.edu.pl\/wp-content\/uploads\/2017\/07\/12_slawomir_manko_2004.pdf\">pobierz PDF (1,8 MB)<\/a><\/p>\n<p>GRZEGORZ JONIEC,\u00a0Publicystyka i transformacje ideowe J\u00f3zefa \u0141obodowskiego w okresie 1931-1935,\u00a0<a href=\"http:\/\/wrh.edu.pl\/wp-content\/uploads\/2017\/07\/13_grzegorz_joniec_2004.pdf\">pobierz PDF (1,7 MB)<\/a><\/p>\n<p>MIROS\u0141AW PIOTROWSKI,\u00a0W\u0142adze Bezpiecze\u0144stwa wobec niepodleg\u0142o\u015bciowych d\u0105\u017ce\u0144 spo\u0142ecze\u0144stwa powiatu Radzy\u0144 Podlaski po II wojnie \u015bwiatowej,<a href=\"http:\/\/wrh.edu.pl\/wp-content\/uploads\/2017\/07\/14_miroslaw_piotrowski_2004.pdf\">pobierz PDF (2,1 MB)<\/a><\/p>\n<p>MARIUSZ D. BEDNARSKI,\u00a0Reforma rolna w Lubelskiem w latach 1944-1946,\u00a0<a href=\"http:\/\/wrh.edu.pl\/wp-content\/uploads\/2017\/07\/15_mariusz_bednarski_2004.pdf\">pobierz PDF (3,5 MB)<\/a><\/p>\n<p>WIES\u0141AW CHARCZUK,\u00a0Przeobra\u017cenia personalne w Podlaskiej Komendzie NSZ w latach 1945-1947,\u00a0<a href=\"http:\/\/wrh.edu.pl\/wp-content\/uploads\/2017\/07\/16_wieslaw_charczuk_2004.pdf\">pobierz PDF (1,6 MB)<\/a><\/p>\n<p>JACEK LEJMAN,\u00a0Cz\u0142owiek jako interfejs,\u00a0<a href=\"http:\/\/wrh.edu.pl\/wp-content\/uploads\/2017\/07\/17_jacek_lejman_2004.pdf\">pobierz PDF (2,0 MB)<\/a><\/p>\n<p>W\u0141ODZIMIERZ KOWALIK,\u00a0Odyseja \u015bwiadomo\u015bci, czyli o &#8222;Traktacie teologicznym&#8221; Czes\u0142awa Mi\u0142osza,\u00a0<a href=\"http:\/\/wrh.edu.pl\/wp-content\/uploads\/2017\/07\/18_wlodzimierz_kowalik_2004.pdf\">pobierz PDF (1,3 MB)<\/a><\/p>\n<p>KRZYSZTOF CZUBASZEK,\u00a0Stan\u00f3wka &#8211; jedna nazwa trzech rzek,\u00a0<a href=\"http:\/\/wrh.edu.pl\/wp-content\/uploads\/2017\/07\/19_krzysztof_czubaszek_2004.pdf\">pobierz PDF (0,8 MB)<\/a><\/p>\n<p>ANETA PIETRZELA,\u00a0Charakterystyka powiatu radzy\u0144skiego w \u015bwietle reformy podzia\u0142u terytorialnego kraju z 1999 roku,\u00a0<a href=\"http:\/\/wrh.edu.pl\/wp-content\/uploads\/2017\/07\/20_aneta_pietrzela_2004.pdf\">pobierz PDF (2,8 MB)<\/a><\/p>\n<h2 style=\"text-align: center;\">MATERIA\u0141Y I \u0179R\u00d3D\u0141A<\/h2>\n<p>ANDRZEJ GIL,\u00a0Dokument z 1521 r. dla cerkwi w Opolu ko\u0142o W\u0142odawy (w cz\u0119\u015bci brzeskiej diecezji w\u0142odzimierskiej). Z kart dzia\u0142alno\u015bci edytorskiej Wile\u0144skiej Komisji Archeograficznej,\u00a0<a href=\"http:\/\/wrh.edu.pl\/wp-content\/uploads\/2017\/07\/21_andrzej_gil_2004.pdf\">pobierz PDF (1,3 MB)<\/a><\/p>\n<p>MARIA TROJANOWSKA,\u00a0Dokumenty prezent na unickie beneficja parafialne w XVII i XVIII wieku,\u00a0<a href=\"http:\/\/wrh.edu.pl\/wp-content\/uploads\/2017\/07\/22_maria_trojanowska_2004.pdf\">pobierz PDF (4,9 MB)<\/a><\/p>\n<p>PAWE\u0141 SYGOWSKI,\u00a0Stan ilo\u015bciowy cerkwi na terenie Lubelszczyzny (prawos\u0142awna diecezja che\u0142mska) w 1914 r. (pr\u00f3ba ustalenia stanu faktycznego),\u00a0<a href=\"http:\/\/wrh.edu.pl\/wp-content\/uploads\/2017\/07\/23_pawel_sygowski_2004.pdf\">pobierz PDF (3,1 MB)<\/a><\/p>\n<h2 style=\"text-align: center;\">POLEMIKI, RECENZJE, OM\u00d3WIENIA<\/h2>\n<p>WALDEMAR CHOR\u0104\u017bYCZEWSKI,\u00a0Czy istnia\u0142a kancelaria ruska? (na marginesie edycji regest\u00f3w Metryki Ruskiej i monografii Petro Ku\u0142akow\u015bkiego),\u00a0<a href=\"http:\/\/wrh.edu.pl\/wp-content\/uploads\/2017\/07\/24_waldemar_chorazyczewski_2004.pdf\">pobierz PDF (1,2 MB)<\/a><\/p>\n<p>HIERONIM FOKCI\u0143SKI SI,\u00a0Ladislao Sas Kulczycki ed il Vaticano,\u00a0<a href=\"http:\/\/wrh.edu.pl\/wp-content\/uploads\/2017\/07\/25_hieronim_foksinski_2004.pdf\">pobierz PDF (1,0 MB)<\/a><\/p>\n<p>MARIA STARNAWSKA,\u00a0Luigi Canetti, Frammenti di eternita. Corpi e reliquie tra Antichita e Medioevo, Sacro\/Santo (nuova serie) nr 6, Viella, Roma 2002, ss. 237,\u00a0<a href=\"http:\/\/wrh.edu.pl\/wp-content\/uploads\/2017\/07\/26_maria_starnawska_2004.pdf\">pobierz PDF (0,6 MB)<\/a><\/p>\n<p>JAN GROMNICKI,\u00a0Zygmunt Podhorski, Tak zapami\u0119ta\u0142em. Wspomnienia i dokumenty (od 13 marca do 10 pa\u017adziernika 1939 roku), Fundacja na Rzecz Tradycji Jazdy Polskiej, Grudzi\u0105dz 2002, ss. 130, il., fot. i aneksy,\u00a0<a href=\"http:\/\/wrh.edu.pl\/wp-content\/uploads\/2017\/07\/27_jan_gromnicki_2004.pdf\">pobierz PDF (0,4 MB)<\/a><\/p>\n<p>SEBASTIAN PI\u0104TKOWSKI,\u00a0Inga Jagu\u015b, Lecznictwo ludowe w Kr\u00f3lestwie Polskim na prze\u0142omie XIX i XX wieku, Kieleckie Towarzystwo Naukowe, Kielce 2002, ss. 147,\u00a0<a href=\"http:\/\/wrh.edu.pl\/wp-content\/uploads\/2017\/07\/28_sebastian_piatkowski_2004.pdf\">pobierz PDF (0,4 MB)<\/a><\/p>\n<p>DARIUSZ MAGIER,\u00a0Krzysztof Czubaszek, Ulan. Dzieje parafii i wsi do niej nale\u017c\u0105cych, Warszawa 2003, ss. 298, fot.,\u00a0<a href=\"http:\/\/wrh.edu.pl\/wp-content\/uploads\/2017\/07\/29_dariusz_magier_2004.pdf\">pobierz PDF (0,2 MB)<\/a><\/p>\n<p>JOANNA KOWALIK,\u00a0Radziwi\u0142\u0142owie. Obrazy literackie &#8211; biografie &#8211; \u015bwiadectwa historyczne, Lublin 2003, ss. 505,\u00a0<a href=\"http:\/\/wrh.edu.pl\/wp-content\/uploads\/2017\/07\/30_joanna_kowalik_2004.pdf\">pobierz PDF (0,8 MB)<\/a><\/p>\n<p>JOANNA KOWALIK,\u00a0Studia z dziej\u00f3w ziemian lubelskich w XIX i XX wieku, red. Albin Koprukowniak, Lublin 2002, ss. 191,\u00a0<a href=\"http:\/\/wrh.edu.pl\/wp-content\/uploads\/2017\/07\/31_joanna_kowalik_2004.pdf\">pobierz PDF (0,3 MB)<\/a><\/p>\n<p>JOANNA KOWALIK,\u00a0Ziemia\u0144stwo na Lubelszczy\u017anie. Materia\u0142y z II sesji naukowej zorganizowanej w Muzeum Zamoyskich w Koz\u0142\u00f3wce 22-24 maja 2002.\u00a0oprac. R\u00f3\u017ca Maliszewska, Koz\u0142\u00f3wka 2003, ss. 640,\u00a0<a href=\"http:\/\/wrh.edu.pl\/wp-content\/uploads\/2017\/07\/32_joanna_kowalik_2004.pdf\">pobierz PDF (0,4 MB)<\/a><\/p>\n<p>DARIUSZ MAGIER,\u00a0Glaukopis. Pismo spo\u0142eczno-historyczne, nr 1\/2003, ss. 363,\u00a0<a href=\"http:\/\/wrh.edu.pl\/wp-content\/uploads\/2017\/07\/33_dariusz_magier_2004.pdf\">pobierz PDF (0,4 MB)<\/a><\/p>\n<p>TOMASZ DEMIDOWICZ,\u00a0&#8222;Wiadomo\u015bci Konserwatorskie Wojew\u00f3dztwa Lubelskiego&#8221;, R. 2003, Wojew\u00f3dzki Oddzia\u0142 S\u0142u\u017cby Ochrony Zabytk\u00f3w, Lublin 2003, ss. 286, il. 206,\u00a0<a href=\"http:\/\/wrh.edu.pl\/wp-content\/uploads\/2017\/07\/34_tomasz_demidowicz_2004.pdf\">pobierz PDF (0,6 MB)<\/a><\/p>\n<p>MARTA ROGALSKA,\u00a0Rocznik Bialskopodlaski, tom X, Miejska Biblioteka Publiczna w Bia\u0142ej Podlaskiej, Bia\u0142a Podlaska 2002, ss. 337,\u00a0<a href=\"http:\/\/wrh.edu.pl\/wp-content\/uploads\/2017\/07\/35_marta_rogalska_2004.pdf\">pobierz PDF (0,5 MB)<\/a><\/p>\n<p>JOANNA KOWALIK,\u00a0Rocznik Mi\u0119dzyrzecki, tom XXXIII, Towarzystwo Przyjaci\u00f3\u0142 Nauk w Mi\u0119dzyrzecu Podlaskim, Mi\u0119dzyrzec Podlaski 2002, ss. 280,\u00a0<a href=\"http:\/\/wrh.edu.pl\/wp-content\/uploads\/2017\/07\/36_joanna_kowalik_2004.pdf\">pobierz PDF (0,3 MB)<\/a><\/p>\n<p>TOMASZ DEMIDOWICZ,\u00a0Ryszard Kornacki, Mi\u0119dzyrzec w \u017cyciorysy wpisany. S\u0142ownik Biograficzny, Wydanie drugie uzupe\u0142niaj\u0105ce i poszerzone, Mi\u0119dzyrzeckie Towarzystwo Przyjaci\u00f3\u0142 Nauk, Mi\u0119dzyrzec Podlaski 2003, ss. 293, il. 170,\u00a0<a href=\"http:\/\/wrh.edu.pl\/wp-content\/uploads\/2017\/07\/37_tomasz_demidowicz_2004.pdf\">pobierz PDF (0,4 MB)<\/a><\/p>\n<p>JANUSZ KULIGOWSKI,\u00a0Rocznik Mi\u0144skomazowiecki, zeszyt 11, Towarzystwo Przyjaci\u00f3\u0142 Mi\u0144ska Mazowieckiego, Mi\u0144sk Mazowiecki 2003-2004, ss. 230,\u00a0<a href=\"http:\/\/wrh.edu.pl\/wp-content\/uploads\/2017\/07\/38_janusz-kuligowski_2004.pdf\">pobierz PDF (0,4 MB)<\/a><\/p>\n<p>JANUSZ KULIGOWSKI,\u00a0Rocznik Ka\u0142uszy\u0144ski, zeszyt 3, Towarzystwo Przyjaci\u00f3\u0142 Ziemi Ka\u0142uszy\u0144skiej, Ka\u0142uszyn 2003, ss. 191,\u00a0<a href=\"http:\/\/wrh.edu.pl\/wp-content\/uploads\/2017\/07\/38_janusz_kuligowski_2004.pdf\">pobierz PDF (0,4 MB)<\/a><\/p>\n<p>ADAM \u015aWI\u0106,\u00a0Nota wydawnicza wydawnictw radzy\u0144skich,\u00a0<a href=\"http:\/\/wrh.edu.pl\/wp-content\/uploads\/2017\/07\/40_adam_swic_2004.pdf\">pobierz PDF (0,3 MB)<\/a><\/p>\n<p>KATARZYNA \u015aLUSARSKA,\u00a0Nota wydawnicza wydawnictw che\u0142mskich,\u00a0<a href=\"http:\/\/wrh.edu.pl\/wp-content\/uploads\/2017\/07\/41_katarzyna_slusarska_2004.pdf\">pobierz PDF (0,2 MB)<\/a><\/p>\n<p>MIROS\u0141AWA KAMECKA-SKRAJNA, RAFA\u0141 KSI\u0118\u017bOPOLSKI, ARKADIUSZ ZAWADZKI,\u00a0Publikacje Instytutu Historii Akademii Podlaskiej w latach 2002-2003,\u00a0<a href=\"http:\/\/wrh.edu.pl\/wp-content\/uploads\/2017\/07\/42_kamecka_ksiezopolski_zawadzki_2004.pdf\">pobierz PDF (3,7 MB)<\/a><\/p>\n<p>BEATA MAGIER,\u00a0Sesja naukowa pt. &#8222;Monografia Radzynia. Projekty i materia\u0142y&#8221;, Radzy\u0144 Podlaski 2002,\u00a0<a href=\"http:\/\/wrh.edu.pl\/wp-content\/uploads\/2017\/07\/43_beata_magier_2004.pdf\">pobierz PDF (0,3 MB)<\/a><\/p>\n<p>ZBIGNIEW SM\u00d3\u0141KO,\u00a0Sesja naukowa pt. &#8222;\u015awi\u0105tynia i ludzie &#8211; dzieje pounickiego ko\u015bci\u00f3\u0142ka w Bezwoli&#8221;, Wohy\u0144 2003,\u00a0<a href=\"http:\/\/wrh.edu.pl\/wp-content\/uploads\/2017\/07\/44_zbigniew_smolko_2004.pdf\">pobierz PDF (0,4 MB)<\/a><\/p>\n<p>AGNIESZKA G\u0104TARCZYK,\u00a0Sesja naukowa z okazji 75-lecia szko\u0142y im. ks. Seweryna Czetwerty\u0144skiego w Suchowoli, Suchowola 2003,\u00a0<a href=\"http:\/\/wrh.edu.pl\/wp-content\/uploads\/2017\/07\/45_agnieszka_gatarczyk_2004.pdf\">pobierz PDF (0,7 MB)<\/a><\/p>\n<p>ADAM \u015aWI\u0106,\u00a0Pierwsza Konferencja Naukowa o postaci, epoce i tw\u00f3rczo\u015bci literackiej Stanis\u0142awa Samuela Szemiota. Komar\u00f3wka Podlaska &#8211; Przegaliny 2004,\u00a0<a href=\"http:\/\/wrh.edu.pl\/wp-content\/uploads\/2017\/07\/46_adam_swic_2004.pdf\">pobierz PDF (0,4 MB)<\/a><\/p>\n","protected":false},"excerpt":{"rendered":"<p>Wschodni Rocznik Humanistyczny, tom I (2004) \u0141amy naszego czasopisma otwarte s\u0105 dla prac z zakresu nauk humanistycznych. Tak szeroka podstawa programowa zrazu mo\u017ce wydawa\u0107 si\u0119 b\u0142\u0119dem. Jednak zwa\u017cywszy na znaczn\u0105 hermetyzacj\u0119 periodyk\u00f3w poszczeg\u00f3lnych dyscyplin postanowili\u015bmy podj\u0105\u0107 pr\u00f3b\u0119 odbudowywania wsp\u00f3lnej przecie\u017c platformy nauki humanistycznej. Takie podej\u015bcie spotka\u0142o si\u0119 z czasem wr\u0119cz entuzjastyczn\u0105 reakcj\u0105 filozof\u00f3w i historyk\u00f3w [&hellip;]<\/p>\n","protected":false},"author":1,"featured_media":0,"parent":0,"menu_order":7,"comment_status":"closed","ping_status":"closed","template":"","meta":{"footnotes":""},"class_list":["post-432","page","type-page","status-publish","hentry"],"yoast_head":"<!-- This site is optimized with the Yoast SEO plugin v27.4 - https:\/\/yoast.com\/product\/yoast-seo-wordpress\/ -->\n<title>T. I 2004 - Wschodni Rocznik Humanistyczny<\/title>\n<meta name=\"robots\" content=\"index, follow, max-snippet:-1, max-image-preview:large, max-video-preview:-1\" \/>\n<link rel=\"canonical\" href=\"http:\/\/wrh.edu.pl\/?page_id=432\" \/>\n<meta property=\"og:locale\" content=\"pl_PL\" \/>\n<meta property=\"og:type\" content=\"article\" \/>\n<meta property=\"og:title\" content=\"T. I 2004 - Wschodni Rocznik Humanistyczny\" \/>\n<meta property=\"og:description\" content=\"Wschodni Rocznik Humanistyczny, tom I (2004) \u0141amy naszego czasopisma otwarte s\u0105 dla prac z zakresu nauk humanistycznych. Tak szeroka podstawa programowa zrazu mo\u017ce wydawa\u0107 si\u0119 b\u0142\u0119dem. Jednak zwa\u017cywszy na znaczn\u0105 hermetyzacj\u0119 periodyk\u00f3w poszczeg\u00f3lnych dyscyplin postanowili\u015bmy podj\u0105\u0107 pr\u00f3b\u0119 odbudowywania wsp\u00f3lnej przecie\u017c platformy nauki humanistycznej. Takie podej\u015bcie spotka\u0142o si\u0119 z czasem wr\u0119cz entuzjastyczn\u0105 reakcj\u0105 filozof\u00f3w i historyk\u00f3w [&hellip;]\" \/>\n<meta property=\"og:url\" content=\"http:\/\/wrh.edu.pl\/?page_id=432\" \/>\n<meta property=\"og:site_name\" content=\"Wschodni Rocznik Humanistyczny\" \/>\n<meta property=\"article:modified_time\" content=\"2021-10-07T07:04:16+00:00\" \/>\n<meta property=\"og:image\" content=\"http:\/\/wrh.edu.pl\/wp-content\/uploads\/2018\/06\/Kartusz-herbowy-1.jpg\" \/>\n<meta name=\"twitter:card\" content=\"summary_large_image\" \/>\n<meta name=\"twitter:label1\" content=\"Szacowany czas czytania\" \/>\n\t<meta name=\"twitter:data1\" content=\"7 minut\" \/>\n<script type=\"application\/ld+json\" class=\"yoast-schema-graph\">{\"@context\":\"https:\\\/\\\/schema.org\",\"@graph\":[{\"@type\":\"WebPage\",\"@id\":\"http:\\\/\\\/wrh.edu.pl\\\/?page_id=432\",\"url\":\"http:\\\/\\\/wrh.edu.pl\\\/?page_id=432\",\"name\":\"T. I 2004 - Wschodni Rocznik Humanistyczny\",\"isPartOf\":{\"@id\":\"http:\\\/\\\/wrh.edu.pl\\\/#website\"},\"primaryImageOfPage\":{\"@id\":\"http:\\\/\\\/wrh.edu.pl\\\/?page_id=432#primaryimage\"},\"image\":{\"@id\":\"http:\\\/\\\/wrh.edu.pl\\\/?page_id=432#primaryimage\"},\"thumbnailUrl\":\"http:\\\/\\\/wrh.edu.pl\\\/wp-content\\\/uploads\\\/2018\\\/06\\\/Kartusz-herbowy-1.jpg\",\"datePublished\":\"2017-07-13T08:07:58+00:00\",\"dateModified\":\"2021-10-07T07:04:16+00:00\",\"inLanguage\":\"pl-PL\",\"potentialAction\":[{\"@type\":\"ReadAction\",\"target\":[\"http:\\\/\\\/wrh.edu.pl\\\/?page_id=432\"]}]},{\"@type\":\"ImageObject\",\"inLanguage\":\"pl-PL\",\"@id\":\"http:\\\/\\\/wrh.edu.pl\\\/?page_id=432#primaryimage\",\"url\":\"http:\\\/\\\/wrh.edu.pl\\\/wp-content\\\/uploads\\\/2018\\\/06\\\/Kartusz-herbowy-1.jpg\",\"contentUrl\":\"http:\\\/\\\/wrh.edu.pl\\\/wp-content\\\/uploads\\\/2018\\\/06\\\/Kartusz-herbowy-1.jpg\",\"width\":330,\"height\":311},{\"@type\":\"WebSite\",\"@id\":\"http:\\\/\\\/wrh.edu.pl\\\/#website\",\"url\":\"http:\\\/\\\/wrh.edu.pl\\\/\",\"name\":\"Wschodni Rocznik Humanistyczny\",\"description\":\"Czasopismo naukowe\",\"publisher\":{\"@id\":\"http:\\\/\\\/wrh.edu.pl\\\/#organization\"},\"potentialAction\":[{\"@type\":\"SearchAction\",\"target\":{\"@type\":\"EntryPoint\",\"urlTemplate\":\"http:\\\/\\\/wrh.edu.pl\\\/?s={search_term_string}\"},\"query-input\":{\"@type\":\"PropertyValueSpecification\",\"valueRequired\":true,\"valueName\":\"search_term_string\"}}],\"inLanguage\":\"pl-PL\"},{\"@type\":\"Organization\",\"@id\":\"http:\\\/\\\/wrh.edu.pl\\\/#organization\",\"name\":\"Wschodni Rocznik Humanistyczny\",\"url\":\"http:\\\/\\\/wrh.edu.pl\\\/\",\"logo\":{\"@type\":\"ImageObject\",\"inLanguage\":\"pl-PL\",\"@id\":\"http:\\\/\\\/wrh.edu.pl\\\/#\\\/schema\\\/logo\\\/image\\\/\",\"url\":\"http:\\\/\\\/wrh.edu.pl\\\/wp-content\\\/uploads\\\/2017\\\/07\\\/logo_01.jpg\",\"contentUrl\":\"http:\\\/\\\/wrh.edu.pl\\\/wp-content\\\/uploads\\\/2017\\\/07\\\/logo_01.jpg\",\"width\":154,\"height\":183,\"caption\":\"Wschodni Rocznik Humanistyczny\"},\"image\":{\"@id\":\"http:\\\/\\\/wrh.edu.pl\\\/#\\\/schema\\\/logo\\\/image\\\/\"}}]}<\/script>\n<!-- \/ Yoast SEO plugin. -->","yoast_head_json":{"title":"T. I 2004 - Wschodni Rocznik Humanistyczny","robots":{"index":"index","follow":"follow","max-snippet":"max-snippet:-1","max-image-preview":"max-image-preview:large","max-video-preview":"max-video-preview:-1"},"canonical":"http:\/\/wrh.edu.pl\/?page_id=432","og_locale":"pl_PL","og_type":"article","og_title":"T. I 2004 - Wschodni Rocznik Humanistyczny","og_description":"Wschodni Rocznik Humanistyczny, tom I (2004) \u0141amy naszego czasopisma otwarte s\u0105 dla prac z zakresu nauk humanistycznych. Tak szeroka podstawa programowa zrazu mo\u017ce wydawa\u0107 si\u0119 b\u0142\u0119dem. Jednak zwa\u017cywszy na znaczn\u0105 hermetyzacj\u0119 periodyk\u00f3w poszczeg\u00f3lnych dyscyplin postanowili\u015bmy podj\u0105\u0107 pr\u00f3b\u0119 odbudowywania wsp\u00f3lnej przecie\u017c platformy nauki humanistycznej. Takie podej\u015bcie spotka\u0142o si\u0119 z czasem wr\u0119cz entuzjastyczn\u0105 reakcj\u0105 filozof\u00f3w i historyk\u00f3w [&hellip;]","og_url":"http:\/\/wrh.edu.pl\/?page_id=432","og_site_name":"Wschodni Rocznik Humanistyczny","article_modified_time":"2021-10-07T07:04:16+00:00","og_image":[{"url":"http:\/\/wrh.edu.pl\/wp-content\/uploads\/2018\/06\/Kartusz-herbowy-1.jpg","type":"","width":"","height":""}],"twitter_card":"summary_large_image","twitter_misc":{"Szacowany czas czytania":"7 minut"},"schema":{"@context":"https:\/\/schema.org","@graph":[{"@type":"WebPage","@id":"http:\/\/wrh.edu.pl\/?page_id=432","url":"http:\/\/wrh.edu.pl\/?page_id=432","name":"T. I 2004 - Wschodni Rocznik Humanistyczny","isPartOf":{"@id":"http:\/\/wrh.edu.pl\/#website"},"primaryImageOfPage":{"@id":"http:\/\/wrh.edu.pl\/?page_id=432#primaryimage"},"image":{"@id":"http:\/\/wrh.edu.pl\/?page_id=432#primaryimage"},"thumbnailUrl":"http:\/\/wrh.edu.pl\/wp-content\/uploads\/2018\/06\/Kartusz-herbowy-1.jpg","datePublished":"2017-07-13T08:07:58+00:00","dateModified":"2021-10-07T07:04:16+00:00","inLanguage":"pl-PL","potentialAction":[{"@type":"ReadAction","target":["http:\/\/wrh.edu.pl\/?page_id=432"]}]},{"@type":"ImageObject","inLanguage":"pl-PL","@id":"http:\/\/wrh.edu.pl\/?page_id=432#primaryimage","url":"http:\/\/wrh.edu.pl\/wp-content\/uploads\/2018\/06\/Kartusz-herbowy-1.jpg","contentUrl":"http:\/\/wrh.edu.pl\/wp-content\/uploads\/2018\/06\/Kartusz-herbowy-1.jpg","width":330,"height":311},{"@type":"WebSite","@id":"http:\/\/wrh.edu.pl\/#website","url":"http:\/\/wrh.edu.pl\/","name":"Wschodni Rocznik Humanistyczny","description":"Czasopismo naukowe","publisher":{"@id":"http:\/\/wrh.edu.pl\/#organization"},"potentialAction":[{"@type":"SearchAction","target":{"@type":"EntryPoint","urlTemplate":"http:\/\/wrh.edu.pl\/?s={search_term_string}"},"query-input":{"@type":"PropertyValueSpecification","valueRequired":true,"valueName":"search_term_string"}}],"inLanguage":"pl-PL"},{"@type":"Organization","@id":"http:\/\/wrh.edu.pl\/#organization","name":"Wschodni Rocznik Humanistyczny","url":"http:\/\/wrh.edu.pl\/","logo":{"@type":"ImageObject","inLanguage":"pl-PL","@id":"http:\/\/wrh.edu.pl\/#\/schema\/logo\/image\/","url":"http:\/\/wrh.edu.pl\/wp-content\/uploads\/2017\/07\/logo_01.jpg","contentUrl":"http:\/\/wrh.edu.pl\/wp-content\/uploads\/2017\/07\/logo_01.jpg","width":154,"height":183,"caption":"Wschodni Rocznik Humanistyczny"},"image":{"@id":"http:\/\/wrh.edu.pl\/#\/schema\/logo\/image\/"}}]}},"_links":{"self":[{"href":"http:\/\/wrh.edu.pl\/index.php?rest_route=\/wp\/v2\/pages\/432","targetHints":{"allow":["GET"]}}],"collection":[{"href":"http:\/\/wrh.edu.pl\/index.php?rest_route=\/wp\/v2\/pages"}],"about":[{"href":"http:\/\/wrh.edu.pl\/index.php?rest_route=\/wp\/v2\/types\/page"}],"author":[{"embeddable":true,"href":"http:\/\/wrh.edu.pl\/index.php?rest_route=\/wp\/v2\/users\/1"}],"replies":[{"embeddable":true,"href":"http:\/\/wrh.edu.pl\/index.php?rest_route=%2Fwp%2Fv2%2Fcomments&post=432"}],"version-history":[{"count":7,"href":"http:\/\/wrh.edu.pl\/index.php?rest_route=\/wp\/v2\/pages\/432\/revisions"}],"predecessor-version":[{"id":2478,"href":"http:\/\/wrh.edu.pl\/index.php?rest_route=\/wp\/v2\/pages\/432\/revisions\/2478"}],"wp:attachment":[{"href":"http:\/\/wrh.edu.pl\/index.php?rest_route=%2Fwp%2Fv2%2Fmedia&parent=432"}],"curies":[{"name":"wp","href":"https:\/\/api.w.org\/{rel}","templated":true}]}}