{"id":471,"date":"2017-07-14T11:19:56","date_gmt":"2017-07-14T11:19:56","guid":{"rendered":"http:\/\/wrh.edu.pl\/?page_id=471"},"modified":"2021-10-07T08:06:54","modified_gmt":"2021-10-07T07:06:54","slug":"wrh-tom-xi-2015","status":"publish","type":"page","link":"http:\/\/wrh.edu.pl\/?page_id=471","title":{"rendered":"T. XI 2015"},"content":{"rendered":"<h1>Ekologiczne postrzeganie \u015bwiata, red. Leszek Gawor, Artur G\u00f3rak, Jacek Lejman,\u00a0&#8222;Wschodni Rocznik Humanistyczny&#8221;, tom XI, Lublin 2015.<\/h1>\n<p><img loading=\"lazy\" decoding=\"async\" class=\"alignnone size-medium wp-image-869 aligncenter\" src=\"http:\/\/wrh.edu.pl\/wp-content\/uploads\/2018\/06\/Ma\u0142pion-hamletyzuj\u0105cy-294x300.jpg\" alt=\"\" width=\"294\" height=\"300\" srcset=\"http:\/\/wrh.edu.pl\/wp-content\/uploads\/2018\/06\/Ma\u0142pion-hamletyzuj\u0105cy-294x300.jpg 294w, http:\/\/wrh.edu.pl\/wp-content\/uploads\/2018\/06\/Ma\u0142pion-hamletyzuj\u0105cy.jpg 691w\" sizes=\"auto, (max-width: 294px) 100vw, 294px\" \/><\/p>\n<p><strong>Redakcja naukowa:\u00a0<\/strong><strong>\u00a0<\/strong>Leszek Gawor, Artur G\u00f3rak, Jacek Lejman<\/p>\n<p><strong>Kolegium Redakcyjne i Redakcja czasopisma<\/strong>: <strong>Dariusz Chemperek<\/strong> (dzia\u0142: historia literatury), <strong>Artur G\u00f3rak<\/strong> (redaktor naczelny), <strong>Jacek Lejman<\/strong> (dzia\u0142: filozofia), <strong>Krzysztof Latawiec<\/strong> (dzia\u0142: historia), <strong>Dariusz Magier<\/strong> (z-ca redaktora naczelnego), <strong>Jerzy Ternes<\/strong> (sekretarz),<\/p>\n<p><strong>\u00a0<\/strong>Recenzent prac zamieszczonych w tomie:prof. dr hab. <strong>Lech Zdybel<\/strong><\/p>\n<p>Opracowanie graficzne, sk\u0142ad i \u0142amanie: <strong>Przemys\u0142aw Tytus Krupski<\/strong><\/p>\n<p>T\u0142umaczenia: <strong>Jacek Lejman<\/strong> i <strong>Artur G\u00f3rak<\/strong><\/p>\n<p>Wydawca Towarzystwo Nauki i Kultury \u201eLibra\u201d<\/p>\n<p>\u00a9 ToNiK \u201eLibra\u201d<\/p>\n<p>ISSN 1731-982X<\/p>\n<h2 style=\"text-align: center;\">Spis tre\u015bci<\/h2>\n<p><strong>Leszek Gawor, Jacek Lejman<\/strong>, Wst\u0119p. Ekologiczne postrzeganie \u015bwiata.\u00a0<a href=\"http:\/\/wrh.edu.pl\/wp-content\/uploads\/2018\/06\/Gawor_Lejman_Wst\u0119p_wrh_11_2015.pdf\">Gawor_Lejman_Wst\u0119p_wrh_11_2015<\/a><\/p>\n<h1 style=\"text-align: center;\"><em>Cz\u0119\u015b\u0107 I. <span style=\"font-size: 24pt;\">Ekologizm<\/span><\/em><\/h1>\n<p><strong>Zdzis\u0142awa Pi\u0105tek<\/strong> (Uniwersytet Jagiello\u0144ski), Ekologiczny pakt z biosfer\u0105, jego uwarunkowania i konsekwencje.\u00a0<a href=\"http:\/\/wrh.edu.pl\/wp-content\/uploads\/2018\/06\/Zdzis\u0142awa-Pi\u0105tek_wrh_11_2015.pdf\">Zdzis\u0142awa Pi\u0105tek_wrh_11_2015<\/a><\/p>\n<p><strong>Dariusz Liszewski<\/strong> (Uniwersytet Warmi\u0144sko-Mazurski), Ekologiczna wizja \u015bwiata,\u00a0<a href=\"http:\/\/wrh.edu.pl\/wp-content\/uploads\/2018\/06\/Dariusz-Liszewski_wrh_11_2015.pdf\">Dariusz Liszewski_wrh_11_2015<\/a><\/p>\n<p><strong>Piotr Skuba\u0142a<\/strong> (Uniwersytet \u015al\u0105ski), Wok\u00f3\u0142 tajemnicy \u017cycia na Ziemi.\u00a0<a href=\"http:\/\/wrh.edu.pl\/wp-content\/uploads\/2018\/06\/Piotr-Skuba\u0142a_wrh_11_2015.pdf\">Piotr Skuba\u0142a_wrh_11_2015<\/a><\/p>\n<p><strong>Andrzej Kuczumow<\/strong> (Katolicki Uniwersytet Lubelski), Ekologia a katastrofy.\u00a0<a href=\"http:\/\/wrh.edu.pl\/wp-content\/uploads\/2018\/06\/Andrzej-Kuczumow_wrh_11_2015.pdf\">Andrzej Kuczumow_wrh_11_2015<\/a><\/p>\n<p><strong>Zbigniew Hull<\/strong> (Uniwersytet Warmi\u0144sko-Mazurski), Paradygmat ekologiczny a idea zr\u00f3wnowa\u017conego rozwoju.\u00a0<a href=\"http:\/\/wrh.edu.pl\/wp-content\/uploads\/2018\/06\/Zbigniew-Hull_wrh_11_2015.pdf\">Zbigniew Hull_wrh_11_2015<\/a><\/p>\n<p><strong>Artur Paw\u0142owski<\/strong> (Politechnika Lubelska), Zasada, czy zasady, zr\u00f3wnowa\u017conego rozwoju.\u00a0<a href=\"http:\/\/wrh.edu.pl\/wp-content\/uploads\/2018\/06\/Artur-Paw\u0142owski_wrh_11_2015.pdf\">Artur Paw\u0142owski_wrh_11_2015<\/a><\/p>\n<p><strong>Andrzej Papuzi\u0144ski<\/strong> (Uniwersytet Kazimierza Wielkiego), Bezpieczne \u015brodowisko jako przedmiot sprawiedliwo\u015bci. Przyczynek do koncepcji zr\u00f3wnowa\u017conego rozwoju.\u00a0<a href=\"http:\/\/wrh.edu.pl\/wp-content\/uploads\/2018\/06\/Andrzej-Papuzi\u0144ski_wrh_11_2015.pdf\">Andrzej Papuzi\u0144ski_wrh_11_2015<\/a><\/p>\n<p><strong>Wies\u0142aw Sztumski<\/strong> (Uniwersytet \u015al\u0105ski), Podstawowe zagadnienia sozofilozofii.\u00a0<a href=\"http:\/\/wrh.edu.pl\/wp-content\/uploads\/2018\/06\/Wies\u0142aw-Sztumski_wrh_11_2015.pdf\">Wies\u0142aw Sztumski_wrh_11_2015<\/a><\/p>\n<p><strong>Krzysztof Bochenek<\/strong> (Uniwersytet Rzeszowski), Ekologia w kontek\u015bcie filozofii chrze\u015bcija\u0144skiej.\u00a0<a href=\"http:\/\/wrh.edu.pl\/wp-content\/uploads\/2018\/06\/Krzysztof-Bochenek_wrh_11_2015.pdf\">Krzysztof Bochenek_wrh_11_2015<\/a><\/p>\n<p><strong>W\u0142odzimierz Tyburski<\/strong> (Uniwersytet Miko\u0142aja Kopernika), Problem ekologiczny w my\u015bli protestanckiej.\u00a0<a href=\"http:\/\/wrh.edu.pl\/wp-content\/uploads\/2018\/06\/W\u0142odzimierz-Tyburski_wrh_11_2015.pdf\">W\u0142odzimierz Tyburski_wrh_11_2015<\/a><\/p>\n<p><strong>Krzysztof Karski<\/strong> (Uniwersytet Marii Curie-Sk\u0142odowskiej), Ekoterroryzm: ideologiczne i filozoficzne podstawy radykalnego enwironmentalizmu, od teorii do praktyki.\u00a0<a href=\"http:\/\/wrh.edu.pl\/wp-content\/uploads\/2018\/06\/Krzysztof-Karski_wrh_11_2015.pdf\">Krzysztof Karski_wrh_11_2015<\/a><\/p>\n<h1 style=\"text-align: center;\"><em>Cz\u0119\u015b\u0107 II. Varia ekologiczne<\/em><\/h1>\n<p><strong>Ignacy St. Fiut<\/strong> (Akademia G\u00f3rniczo-Hutnicza), Od etyki pozytywnej do etyki ekologicznej. Pogl\u0105dy etyczne Tadeusza Garbowskiego.\u00a0<a href=\"http:\/\/wrh.edu.pl\/wp-content\/uploads\/2018\/06\/Ignacy-Fiut_wrh_11_2015.pdf\">Ignacy Fiut_wrh_11_2015<\/a><\/p>\n<p><strong>Stanis\u0142aw Jedynak<\/strong> (Uniwersytet Marii Curie\u2013Sk\u0142odowskiej), Konstanty Cio\u0142kowski o naturze \u017cycia.\u00a0<a href=\"http:\/\/wrh.edu.pl\/wp-content\/uploads\/2018\/06\/Stanis\u0142aw-Jedynak_WRH_11_2015.pdf\">Stanis\u0142aw Jedynak_WRH_11_2015<\/a><\/p>\n<p><strong>Leszek Gawor<\/strong> (Uniwersytet Rzeszowski), Oblicza polskiej sozologii: Walery Goetel i Julian Aleksandrowicz.\u00a0<a href=\"http:\/\/wrh.edu.pl\/wp-content\/uploads\/2018\/06\/Leszek-Gawor_WRH_11_2015.pdf\">Leszek Gawor_WRH_11_2015<\/a><\/p>\n<p><strong>\u0421\u0435\u0440\u0433\u0435\u0439 \u041f\u0430\u0432\u043b\u043e\u0432\u0438\u0447 \u0429\u0430\u0432\u0435\u043b\u0435\u0432 <\/strong>(\u041a\u0443\u0440\u0441\u043a\u0438\u0439 \u0433\u043e\u0441\u0443\u0434\u0430\u0440\u0441\u0442\u0432\u0435\u043d\u043d\u044b\u0439 \u043c\u0435\u0434\u0438\u0446\u0438\u043d\u0441\u043a\u0438\u0439 \u0443\u043d\u0438\u0432\u0435\u0440\u0441\u0438\u0442\u0435\u0442), \u041a\u0430\u043a \u043f\u0440\u0435\u043f\u043e\u0434\u0430\u044e\u0442 \u044d\u043a\u043e\u043b\u043e\u0433\u0438\u044e \u0440\u043e\u0441\u0441\u0438\u0439\u0441\u043a\u0438\u043c \u0441\u0442\u0443\u0434\u0435\u043d\u0442\u0430\u043c-\u0433\u0443\u043c\u0430\u043d\u0438\u0442\u0430\u0440\u0438\u044f\u043c, \u0438\u043b\u0438 \u043d\u0435\u043a\u043e\u0442\u043e\u0440\u044b\u0435 \u0444\u0438\u043b\u043e\u0441\u043e\u0444\u0441\u043a\u0438\u0435 \u043f\u0440\u043e\u0431\u043b\u0435\u043c\u044b \u044d\u043a\u043e\u043b\u043e\u0433\u0438\u0438 \u0432 \u0441\u043e\u0432\u0440\u0435\u043c\u0435\u043d\u043d\u043e\u0439 \u0420\u043e\u0441\u0441\u0438\u0438.\u00a0<a href=\"http:\/\/wrh.edu.pl\/wp-content\/uploads\/2018\/06\/\u0421\u0435\u0440\u0433\u0435\u0439-\u0429\u0430\u0432\u0435\u043b\u0435\u0432_wrh_11_2015.pdf\">\u0421\u0435\u0440\u0433\u0435\u0439 \u0429\u0430\u0432\u0435\u043b\u0435\u0432_wrh_11_2015<\/a><\/p>\n<p><strong>\u0415\u043b\u0435\u043d\u0430 \u0421\u0435\u0440\u0433\u0435\u0435\u0432\u043d\u0430 \u041a\u0440\u0430\u0432\u0446\u043e\u0432\u0430<\/strong> (\u041a\u0443\u0440\u0441\u043a\u0438\u0439 \u0433\u043e\u0441\u0443\u0434\u0430\u0440\u0441\u0442\u0432\u0435\u043d\u043d\u044b\u0439 \u043c\u0435\u0434\u0438\u0446\u0438\u043d\u0441\u043a\u0438\u0439 \u0443\u043d\u0438\u0432\u0435\u0440\u0441\u0438\u0442\u0435\u0442), \u041f\u0440\u043e\u0431\u043b\u0435\u043c\u0430 \u00ab\u0427\u0435\u043b\u043e\u0432\u0435\u043a \u2013 \u041f\u0440\u0438\u0440\u043e\u0434\u0430\u00bb \u043d\u0430 \u0441\u0442\u0440\u0430\u043d\u0438\u0446\u0430\u0445 \u0434\u043e\u0440\u0435\u0432\u043e\u043b\u044e\u0446\u0438\u043e\u043d\u043d\u043e\u0439 \u0440\u043e\u0441\u0441\u0438\u0439\u0441\u043a\u043e\u0439 \u043f\u0435\u0440\u0438\u043e\u0434\u0438\u043a\u0438.\u00a0<a href=\"http:\/\/wrh.edu.pl\/wp-content\/uploads\/2018\/06\/\u0415\u043b\u0435\u043d\u0430-\u041a\u0440\u0430\u0432\u0446\u043e\u0432\u0430_wrh_11_2015.pdf\">\u0415\u043b\u0435\u043d\u0430 \u041a\u0440\u0430\u0432\u0446\u043e\u0432\u0430_wrh_11_2015<\/a><\/p>\n<p><strong>Justyna Tymieniecka-Suchanek<\/strong> (Uniwersytet \u015al\u0105ski), Problemy ekologiczne w literaturze rosyjskiej. Od Antona Czechowa do Andrieja Bitowa.\u00a0<a href=\"http:\/\/wrh.edu.pl\/wp-content\/uploads\/2018\/06\/Justyna-Tymieniecka-Suchanek_wrh_11_2015.pdf\">Justyna Tymieniecka-Suchanek_wrh_11_2015<\/a><\/p>\n<p><strong>\u0410\u043b\u044c\u0444\u0438\u044f \u0418\u0441\u043b\u0430\u043c\u043e\u0432\u043d\u0430 \u0421\u043c\u0438\u0440\u043d\u043e\u0432\u0430<\/strong> (\u041c\u043e\u0441\u043a\u043e\u0432\u0441\u043a\u0438\u0439 \u0433\u043e\u0440\u043e\u0434\u0441\u043a\u0438\u0439 \u043f\u0435\u0434\u0430\u0433\u043e\u0433\u0438\u0447\u0435\u0441\u043a\u0438\u0439 \u0443\u043d\u0438\u0432\u0435\u0440\u0441\u0438\u0442\u0435\u0442), \u042d\u043a\u043e\u0444\u0438\u043b\u043e\u0441\u043e\u0444\u0438\u044f \u043b\u0438\u0442\u0435\u0440\u0430\u0442\u0443\u0440\u044b: \u043e\u0442 \u043e\u0445\u0440\u0430\u043d\u044b \u043f\u0440\u0438\u0440\u043e\u0434\u044b \u043a \u044d\u043a\u043e\u043b\u043e\u0433\u0438\u0447\u0435\u0441\u043a\u043e\u0439 \u043a\u043e\u0441\u043c\u043e\u043b\u043e\u0433\u0438\u0438 \u0432 \u0440\u0443\u0441\u0441\u043a\u043e\u0439 \u043f\u0440\u043e\u0437\u0435 \u043a\u043e\u043d\u0446\u0430 \u0425\u0425 \u0432\u0435\u043a\u0430.\u00a0<a href=\"http:\/\/wrh.edu.pl\/wp-content\/uploads\/2018\/06\/\u0410\u043b\u044c\u0444\u0438\u044f-\u0421\u043c\u0438\u0440\u043d\u043e\u0432\u0430_wrh_11_2015.pdf\">\u0410\u043b\u044c\u0444\u0438\u044f \u0421\u043c\u0438\u0440\u043d\u043e\u0432\u0430_wrh_11_2015<\/a><\/p>\n<h1 style=\"text-align: center;\"><em>Cz\u0119\u015b\u0107 III. Animal Studies<\/em><\/h1>\n<p><strong>Honorata Korpikiewicz<\/strong> (Uniwersytet Adama Mickiewicza), Zwierz\u0119 cierpi\u0105ce. O potrzebie etyki patocentrycznej.\u00a0<a href=\"http:\/\/wrh.edu.pl\/wp-content\/uploads\/2018\/06\/Honorata-Korpikiewicz_wrh_11_2015.pdf\">Honorata Korpikiewicz_wrh_11_2015<\/a><\/p>\n<p><strong>Dominika Dzwonkowska<\/strong> (Uniwersytet Kardyna\u0142a Stefana Wyszy\u0144skiego), Kulturowe i etyczne implikacje relacji cz\u0142owiek-zwierz\u0119.\u00a0<a href=\"http:\/\/wrh.edu.pl\/wp-content\/uploads\/2018\/06\/Dominika-Dzwonkowska_wrh_11_2015.pdf\">Dominika Dzwonkowska_wrh_11_2015<\/a><\/p>\n<p><strong>Jacek Lejman<\/strong> (Uniwersytet Marii Curie\u2013Sk\u0142odowskiej), Cz\u0142owiek i zwierz\u0119. Biologiczne i kulturowe \u017ar\u00f3d\u0142a antropocentryzmu.\u00a0<a href=\"http:\/\/wrh.edu.pl\/wp-content\/uploads\/2018\/06\/Jacek-Lejman_wrh_11_2015.pdf\">Jacek Lejman_wrh_11_2015<\/a><\/p>\n<p><strong>Dariusz Gzyra <\/strong>(Warszawa), Teda Bentona krytyka Reganowskiej koncepcji praw zwierz\u0105t.\u00a0<a href=\"http:\/\/wrh.edu.pl\/wp-content\/uploads\/2018\/06\/Dariusz-Gzyra_wrh_11_2015.pdf\">Dariusz Gzyra_wrh_11_2015<\/a><\/p>\n<p><strong>Karolina Durka, Julia Sikorska, Maciej Trojan<\/strong> (Uniwersytet Warszawski), Postrzeganie oraz przestrzeganie dobrostanu zwierz\u0105t laboratoryjnych, hodowlanych i przetrzymywanych w ogrodach zoologicznych w kontek\u015bcie obowi\u0105zuj\u0105cego prawa.\u00a0<a href=\"http:\/\/wrh.edu.pl\/wp-content\/uploads\/2018\/06\/Durka_Sikorska_Trojan_wrh_11_2015.pdf\">Durka_Sikorska_Trojan_wrh_11_2015<\/a><\/p>\n<p><strong>Barbara Grabowska<\/strong> (Uniwersytet Miko\u0142aja Kopernika), Czy wszyscy powinni\u015bmy zosta\u0107 wegetarianami?\u00a0<a href=\"http:\/\/wrh.edu.pl\/wp-content\/uploads\/2018\/06\/Barbara-Grabowska_wrh_11_2015.pdf\">Barbara Grabowska_wrh_11_2015<\/a><\/p>\n<p><strong>\u0418\u043d\u043d\u0430 \u0410\u043d\u0430\u0442\u043e\u043b\u044c\u0435\u0432\u043d\u0430 \u0428\u0432\u0435\u0434<\/strong> (\u0411\u0440\u0435\u0441\u0442\u0441\u043a\u0438\u0439 \u0433\u043e\u0441\u0443\u0434\u0430\u0440\u0441\u0442\u0432\u0435\u043d\u043d\u044b\u0439 \u0443\u043d\u0438\u0432\u0435\u0440\u0441\u0438\u0442\u0435\u0442), \u041f\u0442\u0438\u0446\u0430 \u0438 \u0447\u0435\u043b\u043e\u0432\u0435\u043a: \u043d\u0435\u043a\u043e\u0442\u043e\u0440\u044b\u0435 \u0441\u0446\u0435\u043d\u0430\u0440\u0438\u0438 \u0432\u0437\u0430\u0438\u043c\u043e\u043e\u0442\u043d\u043e\u0448\u0435\u043d\u0438\u0439 \u0432 \u043c\u0438\u0444\u043e\u043f\u043e\u044d\u0442\u0438\u0447\u0435\u0441\u043a\u043e\u0439 \u0442\u0440\u0430\u0434\u0438\u0446\u0438\u0438 \u0431\u0435\u043b\u043e\u0440\u0443\u0441\u043e\u0432 (\u043d\u0430 \u043e\u0431\u0449\u0435\u0441\u043b\u0430\u0432\u044f\u043d\u0441\u043a\u043e\u043c \u0444\u043e\u043d\u0435).\u00a0<a href=\"http:\/\/wrh.edu.pl\/wp-content\/uploads\/2018\/06\/\u0418\u043d\u043d\u0430-\u0428\u0432\u0435\u0434_wrh_11_2015.pdf\">\u0418\u043d\u043d\u0430 \u0428\u0432\u0435\u0434_wrh_11_2015<\/a><\/p>\n","protected":false},"excerpt":{"rendered":"<p>Ekologiczne postrzeganie \u015bwiata, red. Leszek Gawor, Artur G\u00f3rak, Jacek Lejman,\u00a0&#8222;Wschodni Rocznik Humanistyczny&#8221;, tom XI, Lublin 2015. Redakcja naukowa:\u00a0\u00a0Leszek Gawor, Artur G\u00f3rak, Jacek Lejman Kolegium Redakcyjne i Redakcja czasopisma: Dariusz Chemperek (dzia\u0142: historia literatury), Artur G\u00f3rak (redaktor naczelny), Jacek Lejman (dzia\u0142: filozofia), Krzysztof Latawiec (dzia\u0142: historia), Dariusz Magier (z-ca redaktora naczelnego), Jerzy Ternes (sekretarz), \u00a0Recenzent prac [&hellip;]<\/p>\n","protected":false},"author":2,"featured_media":0,"parent":0,"menu_order":16,"comment_status":"closed","ping_status":"closed","template":"","meta":{"footnotes":""},"class_list":["post-471","page","type-page","status-publish","hentry"],"yoast_head":"<!-- This site is optimized with the Yoast SEO plugin v27.4 - https:\/\/yoast.com\/product\/yoast-seo-wordpress\/ -->\n<title>T. XI 2015 - Wschodni Rocznik Humanistyczny<\/title>\n<meta name=\"robots\" content=\"index, follow, max-snippet:-1, max-image-preview:large, max-video-preview:-1\" \/>\n<link rel=\"canonical\" href=\"http:\/\/wrh.edu.pl\/?page_id=471\" \/>\n<meta property=\"og:locale\" content=\"pl_PL\" \/>\n<meta property=\"og:type\" content=\"article\" \/>\n<meta property=\"og:title\" content=\"T. XI 2015 - Wschodni Rocznik Humanistyczny\" \/>\n<meta property=\"og:description\" content=\"Ekologiczne postrzeganie \u015bwiata, red. Leszek Gawor, Artur G\u00f3rak, Jacek Lejman,\u00a0&#8222;Wschodni Rocznik Humanistyczny&#8221;, tom XI, Lublin 2015. Redakcja naukowa:\u00a0\u00a0Leszek Gawor, Artur G\u00f3rak, Jacek Lejman Kolegium Redakcyjne i Redakcja czasopisma: Dariusz Chemperek (dzia\u0142: historia literatury), Artur G\u00f3rak (redaktor naczelny), Jacek Lejman (dzia\u0142: filozofia), Krzysztof Latawiec (dzia\u0142: historia), Dariusz Magier (z-ca redaktora naczelnego), Jerzy Ternes (sekretarz), \u00a0Recenzent prac [&hellip;]\" \/>\n<meta property=\"og:url\" content=\"http:\/\/wrh.edu.pl\/?page_id=471\" \/>\n<meta property=\"og:site_name\" content=\"Wschodni Rocznik Humanistyczny\" \/>\n<meta property=\"article:modified_time\" content=\"2021-10-07T07:06:54+00:00\" \/>\n<meta name=\"twitter:card\" content=\"summary_large_image\" \/>\n<meta name=\"twitter:label1\" content=\"Szacowany czas czytania\" \/>\n\t<meta name=\"twitter:data1\" content=\"3 minuty\" \/>\n<script type=\"application\/ld+json\" class=\"yoast-schema-graph\">{\"@context\":\"https:\\\/\\\/schema.org\",\"@graph\":[{\"@type\":\"WebPage\",\"@id\":\"http:\\\/\\\/wrh.edu.pl\\\/?page_id=471\",\"url\":\"http:\\\/\\\/wrh.edu.pl\\\/?page_id=471\",\"name\":\"T. XI 2015 - Wschodni Rocznik Humanistyczny\",\"isPartOf\":{\"@id\":\"http:\\\/\\\/wrh.edu.pl\\\/#website\"},\"datePublished\":\"2017-07-14T11:19:56+00:00\",\"dateModified\":\"2021-10-07T07:06:54+00:00\",\"inLanguage\":\"pl-PL\",\"potentialAction\":[{\"@type\":\"ReadAction\",\"target\":[\"http:\\\/\\\/wrh.edu.pl\\\/?page_id=471\"]}]},{\"@type\":\"WebSite\",\"@id\":\"http:\\\/\\\/wrh.edu.pl\\\/#website\",\"url\":\"http:\\\/\\\/wrh.edu.pl\\\/\",\"name\":\"Wschodni Rocznik Humanistyczny\",\"description\":\"Czasopismo naukowe\",\"publisher\":{\"@id\":\"http:\\\/\\\/wrh.edu.pl\\\/#organization\"},\"potentialAction\":[{\"@type\":\"SearchAction\",\"target\":{\"@type\":\"EntryPoint\",\"urlTemplate\":\"http:\\\/\\\/wrh.edu.pl\\\/?s={search_term_string}\"},\"query-input\":{\"@type\":\"PropertyValueSpecification\",\"valueRequired\":true,\"valueName\":\"search_term_string\"}}],\"inLanguage\":\"pl-PL\"},{\"@type\":\"Organization\",\"@id\":\"http:\\\/\\\/wrh.edu.pl\\\/#organization\",\"name\":\"Wschodni Rocznik Humanistyczny\",\"url\":\"http:\\\/\\\/wrh.edu.pl\\\/\",\"logo\":{\"@type\":\"ImageObject\",\"inLanguage\":\"pl-PL\",\"@id\":\"http:\\\/\\\/wrh.edu.pl\\\/#\\\/schema\\\/logo\\\/image\\\/\",\"url\":\"http:\\\/\\\/wrh.edu.pl\\\/wp-content\\\/uploads\\\/2017\\\/07\\\/logo_01.jpg\",\"contentUrl\":\"http:\\\/\\\/wrh.edu.pl\\\/wp-content\\\/uploads\\\/2017\\\/07\\\/logo_01.jpg\",\"width\":154,\"height\":183,\"caption\":\"Wschodni Rocznik Humanistyczny\"},\"image\":{\"@id\":\"http:\\\/\\\/wrh.edu.pl\\\/#\\\/schema\\\/logo\\\/image\\\/\"}}]}<\/script>\n<!-- \/ Yoast SEO plugin. -->","yoast_head_json":{"title":"T. XI 2015 - Wschodni Rocznik Humanistyczny","robots":{"index":"index","follow":"follow","max-snippet":"max-snippet:-1","max-image-preview":"max-image-preview:large","max-video-preview":"max-video-preview:-1"},"canonical":"http:\/\/wrh.edu.pl\/?page_id=471","og_locale":"pl_PL","og_type":"article","og_title":"T. XI 2015 - Wschodni Rocznik Humanistyczny","og_description":"Ekologiczne postrzeganie \u015bwiata, red. Leszek Gawor, Artur G\u00f3rak, Jacek Lejman,\u00a0&#8222;Wschodni Rocznik Humanistyczny&#8221;, tom XI, Lublin 2015. Redakcja naukowa:\u00a0\u00a0Leszek Gawor, Artur G\u00f3rak, Jacek Lejman Kolegium Redakcyjne i Redakcja czasopisma: Dariusz Chemperek (dzia\u0142: historia literatury), Artur G\u00f3rak (redaktor naczelny), Jacek Lejman (dzia\u0142: filozofia), Krzysztof Latawiec (dzia\u0142: historia), Dariusz Magier (z-ca redaktora naczelnego), Jerzy Ternes (sekretarz), \u00a0Recenzent prac [&hellip;]","og_url":"http:\/\/wrh.edu.pl\/?page_id=471","og_site_name":"Wschodni Rocznik Humanistyczny","article_modified_time":"2021-10-07T07:06:54+00:00","twitter_card":"summary_large_image","twitter_misc":{"Szacowany czas czytania":"3 minuty"},"schema":{"@context":"https:\/\/schema.org","@graph":[{"@type":"WebPage","@id":"http:\/\/wrh.edu.pl\/?page_id=471","url":"http:\/\/wrh.edu.pl\/?page_id=471","name":"T. XI 2015 - Wschodni Rocznik Humanistyczny","isPartOf":{"@id":"http:\/\/wrh.edu.pl\/#website"},"datePublished":"2017-07-14T11:19:56+00:00","dateModified":"2021-10-07T07:06:54+00:00","inLanguage":"pl-PL","potentialAction":[{"@type":"ReadAction","target":["http:\/\/wrh.edu.pl\/?page_id=471"]}]},{"@type":"WebSite","@id":"http:\/\/wrh.edu.pl\/#website","url":"http:\/\/wrh.edu.pl\/","name":"Wschodni Rocznik Humanistyczny","description":"Czasopismo naukowe","publisher":{"@id":"http:\/\/wrh.edu.pl\/#organization"},"potentialAction":[{"@type":"SearchAction","target":{"@type":"EntryPoint","urlTemplate":"http:\/\/wrh.edu.pl\/?s={search_term_string}"},"query-input":{"@type":"PropertyValueSpecification","valueRequired":true,"valueName":"search_term_string"}}],"inLanguage":"pl-PL"},{"@type":"Organization","@id":"http:\/\/wrh.edu.pl\/#organization","name":"Wschodni Rocznik Humanistyczny","url":"http:\/\/wrh.edu.pl\/","logo":{"@type":"ImageObject","inLanguage":"pl-PL","@id":"http:\/\/wrh.edu.pl\/#\/schema\/logo\/image\/","url":"http:\/\/wrh.edu.pl\/wp-content\/uploads\/2017\/07\/logo_01.jpg","contentUrl":"http:\/\/wrh.edu.pl\/wp-content\/uploads\/2017\/07\/logo_01.jpg","width":154,"height":183,"caption":"Wschodni Rocznik Humanistyczny"},"image":{"@id":"http:\/\/wrh.edu.pl\/#\/schema\/logo\/image\/"}}]}},"_links":{"self":[{"href":"http:\/\/wrh.edu.pl\/index.php?rest_route=\/wp\/v2\/pages\/471","targetHints":{"allow":["GET"]}}],"collection":[{"href":"http:\/\/wrh.edu.pl\/index.php?rest_route=\/wp\/v2\/pages"}],"about":[{"href":"http:\/\/wrh.edu.pl\/index.php?rest_route=\/wp\/v2\/types\/page"}],"author":[{"embeddable":true,"href":"http:\/\/wrh.edu.pl\/index.php?rest_route=\/wp\/v2\/users\/2"}],"replies":[{"embeddable":true,"href":"http:\/\/wrh.edu.pl\/index.php?rest_route=%2Fwp%2Fv2%2Fcomments&post=471"}],"version-history":[{"count":10,"href":"http:\/\/wrh.edu.pl\/index.php?rest_route=\/wp\/v2\/pages\/471\/revisions"}],"predecessor-version":[{"id":2488,"href":"http:\/\/wrh.edu.pl\/index.php?rest_route=\/wp\/v2\/pages\/471\/revisions\/2488"}],"wp:attachment":[{"href":"http:\/\/wrh.edu.pl\/index.php?rest_route=%2Fwp%2Fv2%2Fmedia&parent=471"}],"curies":[{"name":"wp","href":"https:\/\/api.w.org\/{rel}","templated":true}]}}